{"id":6937,"date":"2021-08-20T05:37:16","date_gmt":"2021-08-20T05:37:16","guid":{"rendered":"https:\/\/test.airtradingroup.com\/es\/?page_id=6937"},"modified":"2021-08-20T05:37:16","modified_gmt":"2021-08-20T05:37:16","slug":"politica-de-conservacion-e-datos-personales","status":"publish","type":"page","link":"https:\/\/www.airtradingroup.com\/es\/politica-de-conservacion-e-datos-personales\/","title":{"rendered":"Pol\u00edtica de Conservaci\u00f3n de Datos Personales"},"content":{"rendered":"<section class=\"page-section small-section bg-gray-lighter mt-60\" id=\"legal\">\n<div class=\"relative container align-left\">\n<div class=\"row\">\n<div class=\"col-md-8\">\n<h1 class=\"mb-10 mb-xs-0\">Pol\u00edtica de Conservaci\u00f3n de Datos Personales<\/h3>\n<\/p><\/div>\n<div class=\"col-md-4 mt-30\">\n<div class=\"mod-breadcrumbs font-alt align-right\">\n                    \u00a0\n                <\/div>\n<\/p><\/div>\n<\/p><\/div>\n<\/p><\/div>\n<\/section>\n<section class=\"page-section\">\n<div class=\"container relative\">\n<div class=\"row\">\n<p>            <!-- Content --><\/p>\n<div class=\"col-sm-8\">\n<h3>1.\tPol\u00edtica de Conservaci\u00f3n de Datos Personales<\/h3>\n<p>De conformidad con los principios jur\u00eddicos establecidos en el art\u00edculo 5 del Reglamento General sobre la Protecci\u00f3n de Datos (en lo sucesivo, RGPD), y teniendo especialmente en cuenta los principios de transparencia, legalidad y, en particular, de la limitaci\u00f3n del almacenamiento de datos, AIR Harami &#8211; Forma\u00e7\u00e3o Lda establece, en virtud de la presente Pol\u00edtica de Conservaci\u00f3n de Datos Personales, las informaciones necesarias para que los titulares de los datos personales puedan conocer la forma en que sus datos son tratados, cu\u00e1les son las finalidades de su tratamiento, cu\u00e1l es el periodo de conservaci\u00f3n de sus datos y, adem\u00e1s, cu\u00e1les son los derechos que les asisten, as\u00ed como la forma concreta de ejercerlos.<\/p>\n<p>La presente Pol\u00edtica de Conservaci\u00f3n de Datos Personales se aplica en relaci\u00f3n al tratamiento de los datos personales de los clientes de AIR Harami &#8211; Forma\u00e7\u00e3o Lda y de los usuarios de su p\u00e1gina web, en  <a href=\"http:\/\/www.airtradingroup.com\">www.airtradingroup.com<\/a>. Esta Pol\u00edtica de Conservaci\u00f3n de Datos Personales se aplica a los datos personales recopilados por AIR Harami &#8211; Forma\u00e7\u00e3o Lda en el contexto de los servicios prestados a sus clientes y usuarios de su p\u00e1gina web.<\/p>\n<h3>2.\tIdentificaci\u00f3n del Responsable por el Tratamiento de los Datos Personales<\/h3>\n<p>AIR Harami &#8211; Forma\u00e7\u00e3o Lda, con el n\u00famero de identificaci\u00f3n fiscal 515776947, y con sede en la Avenida Ant\u00f3nio Augusto de Aguiar, n\u00ba 24, 1\u00ba Esq., en Lisboa, es la entidad responsable del tratamiento de datos personales, de acuerdo con lo dispuesto en el art\u00edculo 4, apartado n\u00ba 7 y 24 del RGPD.<\/p>\n<p>En efecto, y sin perjuicio de otras disposiciones legales aplicables, AIR Harami &#8211; Forma\u00e7\u00e3o Lda se compromete a procesar los datos personales de sus clientes de conformidad con el Reglamento (UE) 2016\/679 del Parlamento Europeo y del Consejo, de 27 de abril de 2016, relativo a la protecci\u00f3n de las personas f\u00edsicas en lo que respecta al tratamiento de datos personales y a la libre circulaci\u00f3n de datos personales, y con la Ley n\u00ba 58\/2019, de 8 de agosto de 2019, por la que se garantiza la aplicaci\u00f3n en el ordenamiento jur\u00eddico nacional del Reglamento (UE) 2016\/679 del Parlamento y del Consejo, de 27 de abril de 2016 (en lo sucesivo, Ley de Ejecuci\u00f3n), y dem\u00e1s legislaci\u00f3n aplicable.<\/p>\n<h3>3.\t\u00c1mbito de la Pol\u00edtica de Conservaci\u00f3n de Datos Personales<\/h3>\n<p>La presente Pol\u00edtica de Conservaci\u00f3n de Datos Personales se aplica en relaci\u00f3n con el tratamiento de los datos personales de los clientes de AIR Harami &#8211; Forma\u00e7\u00e3o Lda y de los usuarios de su p\u00e1gina de Internet, en los t\u00e9rminos y condiciones m\u00e1s espec\u00edficamente definidos en la<br \/>\n                    <a href=\"\/protecao-dados-pessoais\/\">Pol\u00edtica de Protecci\u00f3n de Datos.<\/a>.\n                <\/p>\n<p>Como se menciona en el punto 2 de la presente Pol\u00edtica de Conservaci\u00f3n de Datos Personales, AIR Harami &#8211; Forma\u00e7\u00e3o Lda es la entidad responsable del tratamiento de los datos personales, en la medida en que es la entidad que, para los fines mencionados en la Pol\u00edtica de Protecci\u00f3n de Datos Personales, determina las finalidades y los medios de tratamiento de datos personales.<\/p>\n<p>De acuerdo con lo dispuesto en el art\u00edculo 24 del RGPD, corresponde al responsable del tratamiento de los datos personales aplicar todas las medidas t\u00e9cnicas y organizativas contenidas en las disposiciones del RGPD, as\u00ed como en la Ley de Ejecuci\u00f3n, cumpliendo con lealtad y transparencia todas sus obligaciones jur\u00eddicas, entre las que se incluye, la obligaci\u00f3n de conservar los datos personales de sus titulares por el periodo estrictamente necesario para el cumplimiento de las finalidades que justifican su recogida y tratamiento. En estas condiciones, AIR Harami &#8211; Forma\u00e7\u00e3o procede a la conservaci\u00f3n de los datos personales de sus clientes y usuarios, respetando los plazos establecidos en el punto 4 de la presente Pol\u00edtica de Conservaci\u00f3n de Datos Personales.<\/p>\n<h3>4.\tPeriodo de conservaci\u00f3n de los Datos Personales<\/h3>\n<p>Teniendo en cuenta el principio jur\u00eddico de limitaci\u00f3n de la conservaci\u00f3n, los datos personales que sean objeto de tratamiento por parte de AIR Harami &#8211; Forma\u00e7\u00e3o Lda en los t\u00e9rminos definidos en su Pol\u00edtica de Protecci\u00f3n de Datos Personales, se conservar\u00e1n durante el periodo estrictamente necesario para la realizaci\u00f3n de los fines para los que fueron recogidos, o si procede, hasta que el titular de los datos personales ejerza cualquiera de los derechos previstos en el punto 7 de la presente Pol\u00edtica de Conservaci\u00f3n de Datos Personales. En funci\u00f3n de las m\u00faltiples finalidades del tratamiento y de los diferentes fundamentos legales que justifican la retenci\u00f3n de los datos personales, AIR Harami &#8211; Forma\u00e7\u00e3o Lda proceder\u00e1 a la conservaci\u00f3n de los datos personales de sus clientes y usuarios, en los t\u00e9rminos definidos en el siguiente cuadro:<\/p>\n<p><em>Tabela 1 &#8211; Per\u00edodo de Conserva\u00e7\u00e3o dos Dados Pessoais<\/em><\/p>\n<table width=\"100%\" class=\"table table-condensed table-hover table-bordered\">\n<tbody>\n<tr>\n<td width=\"12%\">\n<p><strong>Secci\u00f3n<\/strong><\/p>\n<\/td>\n<td width=\"19%\">\n<p><strong>Finalidad<\/strong><\/p>\n<\/td>\n<td width=\"13%\">\n<p><strong>Datos Personales<\/strong><\/p>\n<\/td>\n<td width=\"14%\">\n<p><strong>Base legal del Tratamiento<\/strong><\/p>\n<\/td>\n<td width=\"15%\">\n<p><strong>Periodo de conservaci\u00f3n<\/strong><\/p>\n<\/td>\n<td width=\"25%\">\n<p><strong>Fundamento legal<\/strong><\/p>\n<\/td>\n<\/tr>\n<tr>\n<td rowspan=\"3\" width=\"12%\">\n<p><span>Impreso de Contacto<\/span><\/p>\n<\/td>\n<td rowspan=\"3\" width=\"19%\">\n<p>Realizaci\u00f3n de gestiones precontractuales (en particular, informaci\u00f3n y aclaraciones sobre los servicios de Air Harami &#8211; Forma\u00e7\u00e3o Lda)<\/p>\n<\/td>\n<td width=\"13%\">\n<p>Nombre<\/p>\n<\/td>\n<td rowspan=\"3\" width=\"14%\">\n<p>Artigo 6.\u00ba, n.\u00ba 1, al\u00ednea b) do RGPD<\/p>\n<\/td>\n<td rowspan=\"3\" width=\"15%\">\n<p><strong>3 a\u00f1os<\/strong><\/p>\n<\/td>\n<td rowspan=\"3\" width=\"25%\">\n<p>Plazo para la declaraci\u00f3n, ejercicio o defensa de un Derecho en un procedimiento judicial, entre otros, de conformidad con los art\u00edculos 303 y 317 del C\u00f3digo Civil portugu\u00e9s<\/p>\n<\/td>\n<\/tr>\n<tr>\n<td width=\"13%\">\n<p>Correo Electr\u00f3nico<\/p>\n<\/td>\n<\/tr>\n<tr>\n<td width=\"13%\">\n<p>Contacto Telef\u00f3nico<\/p>\n<\/td>\n<\/tr>\n<tr>\n<td rowspan=\"2\" width=\"12%\">\n<p><span h3>>Contacto Whatsapp Messager<\/span><\/p>\n<\/td>\n<td rowspan=\"2\" width=\"19%\">\n<p>Realizaci\u00f3n de gestiones precontractuales (en particular, informaci\u00f3n y aclaraciones sobre los servicios de Air Harami &#8211; Forma\u00e7\u00e3o Lda)<\/p>\n<\/td>\n<td width=\"13%\">\n<p>Nombre \/ Nombre de Usuario<\/p>\n<\/td>\n<td rowspan=\"2\" width=\"14%\">\n<p>Artigo 6.\u00ba, n.\u00ba 1, al\u00ednea b) do RGPD<\/p>\n<\/td>\n<td rowspan=\"2\" width=\"15%\">\n<p><strong>6 meses<\/strong><\/p>\n<\/td>\n<td rowspan=\"2\" width=\"25%\">\n<p>Realizaci\u00f3n de gestiones precontractuales<\/p>\n<\/td>\n<\/tr>\n<tr>\n<td width=\"13%\">\n<p>Contacto Telef\u00f3nico<\/p>\n<\/td>\n<\/tr>\n<tr>\n<td rowspan=\"6\" width=\"12%\">\n<p><span h3>>Servicios<\/span><\/p>\n<\/td>\n<td rowspan=\"6\" width=\"19%\">\n<p>\u00b7 Ejecuci\u00f3n del contrato (prestaci\u00f3n de servicios) del cual el titular de los datos personales (cliente) es titular.<\/p>\n<p>\u00b7 Registro de cliente.<\/p>\n<p>\u00b7 Cumplimento de una obligaci\u00f3n jur\u00eddica a la que est\u00e1 obligado el responsable del tratamiento.<\/p>\n<p>\u00b7 Procesamiento del pago de los servicios adquiridos por el cliente.<\/p>\n<\/td>\n<td width=\"13%\">\n<p>Nombre<\/p>\n<\/td>\n<td rowspan=\"5\" width=\"14%\">\n<p>Art\u00edculo 6.\u00ba, n.\u00ba 1, l\u00ednea b) del RGPD <\/p>\n<\/td>\n<td rowspan=\"5\" width=\"15%\">\n<p><strong>3 a\u00f1os<\/strong><\/p>\n<\/td>\n<td rowspan=\"5\" width=\"25%\">\n<p>Plazo para la declaraci\u00f3n, ejercicio o defensa de un derecho en un procedimiento judicial, entre otros, de conformidad con los art\u00edculos 303 y 317 del C\u00f3digo Civil portugu\u00e9s.<\/p>\n<\/td>\n<\/tr>\n<tr>\n<td width=\"13%\">\n<p>Direcci\u00f3n<\/p>\n<\/td>\n<\/tr>\n<tr>\n<td width=\"13%\">\n<p>Contacto telef\u00f3nico<\/p>\n<\/td>\n<\/tr>\n<tr>\n<td width=\"13%\">\n<p>Correo Electr\u00f3nico<\/p>\n<\/td>\n<\/tr>\n<tr>\n<td width=\"13%\">\n<p>\t\tDatos Bancarios\t\t\t<\/p>\n<\/td>\n<\/tr>\n<tr>\n<td width=\"13%\">\n<p>N.\u00ba de Identificaci\u00f3n Fiscal<\/p>\n<\/td>\n<td width=\"14%\">\n<p>Art\u00edculo 6.\u00ba, n.\u00ba 1, l\u00ednea c) del RGPD <\/p>\n<\/td>\n<td width=\"15%\">\n<p><strong>10 a\u00f1os<\/strong><\/p>\n<\/td>\n<td width=\"25%\">\n<p>Plazo previsto en los t\u00e9rminos del art. 123 del C\u00f3digo IRC y en el art. 52 del C\u00f3digo del IVA <\/p>\n<\/td>\n<\/tr>\n<tr>\n<td width=\"12%\">\n<p><span h3>>Plataformas de acceso a los Servicios<\/span><\/p>\n<\/td>\n<td width=\"19%\">\n<p>\u00b7 Creaci\u00f3n de un perfil de Usuario\/login en la plataforma de Chat.<\/p>\n<p>\u00b7 Puesta a disposici\u00f3n de los servicios webinar.<\/p>\n<p>\u00b7 Realizaci\u00f3n de sesiones de seguimiento online incluido en los Servicios relativos a los Cursos.<\/p>\n<\/td>\n<td width=\"13%\">\n<p>Nombre \/ Nombre de Usuario<br \/>\n                                    <br \/>\n                                    Correo Electr\u00f3nico\n                                    <\/p>\n<\/td>\n<td width=\"14%\">\n<p>Art\u00edculo 6.\u00ba, n.\u00ba 1, l\u00ednea b) del RGPD <\/p>\n<\/td>\n<td width=\"15%\">\n<p><strong>6 meses (despu\u00e9s de la resoluci\u00f3n del contrato)<\/strong><\/p>\n<\/td>\n<td width=\"25%\">\n<p>No existe ning\u00fan otro fundamento de ilicitud para el tratamiento de datos personales posterior a la terminaci\u00f3n del contrato con el Cliente. <\/p>\n<\/td>\n<\/tr>\n<tr>\n<td rowspan=\"2\" width=\"12%\">\n<p><span>Control de Seguridad<\/span><\/p>\n<\/td>\n<td rowspan=\"2\" width=\"19%\">\n<p>\u00b7 Gesti\u00f3n de accesos e logins.<\/p>\n<p>\u00b7 Gesti\u00f3n de incidentes de seguridad.<\/p>\n<\/td>\n<td width=\"13%\">\n<p>Contacto Telef\u00f3nico<\/p>\n<\/td>\n<td rowspan=\"2\" width=\"14%\">\n<p>Art\u00edculo 6.\u00ba, n.\u00ba 1, l\u00ednea b) del RGPD <\/p>\n<\/td>\n<td rowspan=\"2\" width=\"15%\">\n<p><strong>1 a\u00f1o<\/strong><\/p>\n<\/td>\n<td rowspan=\"2\" width=\"25%\">\n<p>El plazo de un a\u00f1o contempla la existencia de diferentes plazos de los servicios de AIR Trading &#8211; Forma\u00e7\u00e3o (en el caso de los cursos, de 3, 6 o 12 meses; y en el caso del servicio de mentor\u00eda, con renovaci\u00f3n autom\u00e1tica seg\u00fan la duraci\u00f3n contratada)  para los que es necesario garantizar la continuidad del acceso a la plataforma. <\/p>\n<\/td>\n<\/tr>\n<tr>\n<td width=\"13%\">\n<p>Correo Electr\u00f3nico<\/p>\n<\/td>\n<\/tr>\n<tr>\n<td rowspan=\"2\" width=\"12%\">\n<p><span h3>>Newsletters y campa\u00f1as promocionales <\/span><\/p>\n<\/td>\n<td rowspan=\"2\" width=\"19%\">\n<p>Env\u00edo de campa\u00f1as promocionales y nuevas actualizaciones de los servicios prestados por AIR Harami &#8211; Forma\u00e7\u00e3o Lda<\/p>\n<\/td>\n<td width=\"13%\">\n<p>Nombre<\/p>\n<\/td>\n<td rowspan=\"2\" width=\"14%\">\n<p>Artigo 6.\u00ba, n.\u00ba 1, al\u00ednea a) do RGPD<\/p>\n<\/td>\n<td rowspan=\"2\" width=\"15%\">\n<p><strong>1 a\u00f1o<\/strong><\/p>\n<\/td>\n<td rowspan=\"2\" width=\"25%\">\n<p>Consentimiento prestado por el titular de los datos personales en conformidad con el art. 6.\u00ba, n.\u00ba 1, l\u00ednea c) del RGPD<\/p>\n<\/td>\n<\/tr>\n<tr>\n<td width=\"13%\">\n<p>Correo electr\u00f3nico<\/p>\n<\/td>\n<\/tr>\n<tr>\n<td width=\"12%\">\n<p><span>Legal \/ Jur\u00eddico<\/span><\/p>\n<\/td>\n<td width=\"19%\">\n<p>Cumplimiento de una obligaci\u00f3n jur\u00eddica a la que est\u00e1 sujeta AIR Harami &#8211; Forma\u00e7\u00e3o Lda <\/p>\n<\/td>\n<td width=\"13%\">\n<p>Nombre<\/p>\n<p>N\u00famero de Identificaci\u00f3n Fiscal<\/p>\n<\/td>\n<td width=\"14%\">\n<p>Artigo 6.\u00ba, n.\u00ba 1, al\u00ednea c) do RGPD<\/p>\n<\/td>\n<td width=\"15%\">\n<p><strong>10 a\u00f1os<\/strong><\/p>\n<\/td>\n<td width=\"25%\">\n<p>Plazo previsto en el art. 123 del C\u00f3digo IRC y en el art. 52 del C\u00f3digo del IVA <\/p>\n<\/td>\n<\/tr>\n<\/tbody>\n<\/table>\n<p>\u00a0<\/p>\n<h3>5.\tTratamiento de los datos personales tras el periodo de conservaci\u00f3n <\/h3>\n<p>De acuerdo con el RGPD, AIR Harami &#8211; Forma\u00e7\u00e3o Lda, en su calidad de entidad responsable del tratamiento de los datos personales,  no debe conservarlos cuando \u00e9stos dejen de ser necesarios:<\/p>\n<ol>\n<li>Para los fines para los que fueron recogidos inicialmente;<\/li>\n<li>Para el cumplimiento de las obligaciones legales a las que AIR Harami &#8211; Forma\u00e7\u00e3o Lda est\u00e9 adscrita por la aplicaci\u00f3n del derecho interno o del derecho de la Uni\u00f3n;\n                    <\/li>\n<li>A efectos de la declaraci\u00f3n, el ejercicio o la defensa de un derecho en un procedimiento judicial.<\/li>\n<\/ol>\n<p>As\u00ed, una vez finalizado el periodo de conservaci\u00f3n de los datos personales a que se refiere el punto 4, y siempre que se compruebe que la conservaci\u00f3n de los datos no cumple cualquier otra finalidad prevista por Ley o en los t\u00e9rminos de la Pol\u00edtica de Protecci\u00f3n de Datos Personales, AIR Harami &#8211; Forma\u00e7\u00e3o Lda destruir\u00e1 o, cuando sea t\u00e9cnicamente posible, proceder\u00e1 a la anonimizaci\u00f3n de los datos personales de sus clientes y usuarios.<\/p>\n<p>De acuerdo con el Considerando 26 del RGPD, la anonimizaci\u00f3n de los datos personales supone que los datos personales sean an\u00f3nimos hasta el punto de que su titular no sea o ya no pueda ser identificado, bien porque la propia informaci\u00f3n o porque la informaci\u00f3n que posea el responsable del tratamiento de los datos personales no permitan dicha identificaci\u00f3n, bien por el hecho de que el cruce con la informaci\u00f3n externa no permita, de igual modo, identificar al titular de los datos personales. Este considerando se aplica del mismo modo a todos los medios en los que se conserven los datos personales, incluidos pero no limitados, entre otros, los backups y los archivos duplicados (copias en archivo f\u00edsico).\n                <\/p>\n<p>Siempre que se produzca la eliminaci\u00f3n o destrucci\u00f3n de datos personales, y considerando la necesidad de garantizar la m\u00e1xima seguridad durante este proceso, AIR Harami &#8211; Forma\u00e7\u00e3o Lda implementar\u00e1 uno de los siguientes m\u00e9todos:<\/p>\n<ol>\n<li>Los datos personales contenidos en documentos y ficheros digitales se eliminar\u00e1n de forma permanente, sin que se permita su recuperaci\u00f3n o restauraci\u00f3n. La simple eliminaci\u00f3n del directorio del archivo no se considera para los prop\u00f3sitos que aqu\u00ed se mencionan. <\/li>\n<li>Los datos personales contenidos en el disco duro, los medios extra\u00edbles y otros elementos similares que se desechen o env\u00eden para reacondicionamiento o reutilizaci\u00f3n se eliminar\u00e1n de forma segura. En este proceso tiene lugar, entre otros, la aplicaci\u00f3n del est\u00e1ndar DoD 5220 22-M o la encriptaci\u00f3n del contenido de estos \u00edtems a trav\u00e9s del est\u00e1ndar de encriptaci\u00f3n avanzada AES-256 con la consecuente eliminaci\u00f3n de la clave de encriptaci\u00f3n.<\/li>\n<li>Cuando los datos personales contenidos en discos duros, medios extra\u00edbles y art\u00edculos similares no puedan borrarse de forma segura, y cuando proceda, se proceder\u00e1 a la destrucci\u00f3n f\u00edsica de dichos equipos. Tal proceso ser\u00e1 realizado por una empresa debidamente especializada en la destrucci\u00f3n de perif\u00e9ricos y otros componentes f\u00edsicos, que certificar\u00e1 que dichos equipos han sido destruidos de forma segura.\n                    <\/li>\n<li>Las copias en papel que contengan datos personales se destruyen utilizando destructoras de papel de corte transversal.<\/li>\n<\/ol>\n<p>El proceso de eliminaci\u00f3n de los datos personales, as\u00ed como el proceso de su anonimizaci\u00f3n, ser\u00e1n documentados por AIR Harami &#8211; Forma\u00e7\u00e3o Lda, que registrar\u00e1, en formato digital accesible, la fecha, las categor\u00edas a las que respetan los datos personales y los m\u00e9todos de eliminaci\u00f3n, destrucci\u00f3n o anonimizaci\u00f3n concretamente adoptados.<\/p>\n<h3>6.\tMedidas t\u00e9cnicas y organizativas<\/h3>\n<p>AIR Harami &#8211; Forma\u00e7\u00e3o Lda ha implementado las medidas t\u00e9cnicas y organizativas que garantizan un nivel de seguridad adecuado, necesario y suficiente para proteger los datos personales de los clientes y usuarios de su p\u00e1gina de internet de la destrucci\u00f3n, la p\u00e9rdida, la alteraci\u00f3n, la difusi\u00f3n, el acceso no autorizado o cualquier otra forma de tratamiento accidental o il\u00edcito. AIR Harami &#8211; Forma\u00e7\u00e3o Lda ha implementado:<\/p>\n<ul>\n<li>\u2022\tMedidas de seguridad inform\u00e1tica, como el uso de firewalls y sistemas de detecci\u00f3n de intrusi\u00f3n en sus sistemas;<\/li>\n<li>\u2022\tReglas y niveles de acceso a los datos personales de sus clientes y usuarios por parte de los empleados y colaboradores de AIR Harami &#8211; Forma\u00e7\u00e3o Lda;<\/li>\n<li>\u2022\tMedios de protecci\u00f3n de los datos desde el dise\u00f1o (\u00abprivacy by design\u00bb) utilizando medios t\u00e9cnicos como la encriptaci\u00f3n e pseudoanimizaci\u00f3n de los datos personales e incluso un conjunto de medidas preventivas favorables a la privacidad (\u00abprivacy by default\u00bb);<\/li>\n<li>\u2022\tMecanismos de escrutinio, auditor\u00eda y control para garantizar el cumplimiento de las pol\u00edticas de seguridad, privacidad y protecci\u00f3n de datos;<\/li>\n<li>\u2022\tReglas de acceso para los clientes o usuarios a determinados servicios, como la introducci\u00f3n de una contrase\u00f1a, con el fin de reforzar los mecanismos de control y seguridad.<\/li>\n<\/ul>\n<h3>7.\tDerechos de los Titulares de los Datos Personales<\/h3>\n<p>De conformidad con los art\u00edculos 12 a 22 del RGPD, y sin perjuicio de las dem\u00e1s normas aplicables, los titulares de datos personales gozar\u00e1n de los siguientes derechos: <\/p>\n<p><strong>Derecho de informaci\u00f3n  \u2013\u00a0<\/strong>Derecho a recibir, entre otras cosas, informaciones a cerca de la identidad del responsable del tratamiento de los datos personales; de las finalidades y fundamentos del tratamiento de los datos personales; de los t\u00e9rminos y plazos de conservaci\u00f3n de los datos personales; de los derechos de que gozan los titulares de los datos personales y la forma concreta de ejercerlos; y de la existencia de decisiones automatizadas.<\/p>\n<p><strong>Derecho de Acceso <\/strong>\u00a0\u2013 Derecho a obtener la confirmaci\u00f3n, por parte de AIR Harami &#8211; Forma\u00e7\u00e3o Lda, de la existencia del tratamiento de datos personales, incluyendo, entre otros elementos, sus fines, las categor\u00edas de datos personales objeto del tratamiento, los plazos de conservaci\u00f3n y sus respectivos criterios, as\u00ed como la existencia de decisiones automatizadas. El derecho de acceso tambi\u00e9n incluye el derecho de acceder directamente a dichos datos personales.<\/p>\n<p><strong>Derecho de Rectificaci\u00f3n <\/strong>\u00a0\u2013 Derecho a solicitar la rectificaci\u00f3n de los datos personales que se encuentren incorrectos y de solicitar que los datos personales incompletos se completen.\n                <\/p>\n<p><strong>Derecho al Borrado de los datos o \u201cderecho a ser olvidado\u201d <\/strong>\u00a0\u2013 Derecho a obtener el borrado de los datos personales, siempre que no se compruebe la existencia de otros motivos v\u00e1lidos que justifiquen, de acuerdo con la Ley, la conservaci\u00f3n de estos datos, y siempre que:<\/p>\n<ol>\n<li>los datos personales ya no sean necesarios para los fines para los que fueron recogidos o procesados;<\/li>\n<li>el tratamiento de datos personales se base en el consentimiento de su titular, y \u00e9ste lo retire, sin que exista ning\u00fan otro fundamento legal para el tratamiento;<\/li>\n<li>el titular de los datos personales ejerza su derecho de oposici\u00f3n al tratamiento adicional de sus datos personales y ning\u00fan otro fundamento jur\u00eddico justifique la continuidad del tratamiento de datos personales;\n                    <\/li>\n<li>los datos personales hayan sido procesados ilegalmente.<\/li>\n<\/ol>\n<p><strong>Derecho a la limitaci\u00f3n de tratamiento <\/strong>\u00a0\u2013 Derecho a solicitar a AIR Harami &#8211; Forma\u00e7\u00e3o Lda que restrinja el tratamiento de los datos personales o que suspenda las actividades de tratamiento, siempre que se compruebe una de las siguientes situaciones: <\/p>\n<ol>\n<li>La precisi\u00f3n y la exactitud de los datos personales sean impugnadas por su titular, requiri\u00e9ndose que las actividades de tratamiento de datos sean suspendidas durante el tiempo necesario para que AIR Harami &#8211; Forma\u00e7\u00e3o Lda confirme la exactitud de tales datos;<\/li>\n<li>El tratamiento de datos personales sea ilegal y su titular solicite la restricci\u00f3n del tratamiento de datos en lugar de requerir la supresi\u00f3n de los mismos.<\/li>\n<\/ol>\n<p><strong>Derecho a la Portabilidad <\/strong>\u00a0\u2013 Derecho a recibir los datos que el titular de los datos personales haya suministrado a AIR Harami &#8211; Forma\u00e7\u00e3o Lda, en formato digital de uso corriente y de lectura autom\u00e1tica, as\u00ed como el derecho de solicitar la transmisi\u00f3n directa de sus datos a cualquier otro responsable del tratamiento de datos.<\/p>\n<p><strong>Derecho de Oposici\u00f3n <\/strong>\u00a0\u2013Derecho que el titular de los datos personales goza de oponerse, en cualquier momento, por motivos relacionados con su situaci\u00f3n particular, al tratamiento de los datos personales que le conciernan, en particular cuando sus datos sean tratados a efectos de comercializaci\u00f3n directa.<\/p>\n<p><strong>Derecho a no estar sujeto a decisiones individuales automatizadas<\/strong>\u00a0\u2013 Derecho pasivo del que goza el titular de los datos personales a no estar sujeto a ninguna decisi\u00f3n adoptada exclusivamente con base  en el tratamiento automatizado de sus datos personales, incluida la elaboraci\u00f3n de perfiles, que surta efectos en su esfera jur\u00eddica o le afecte significativamente de manera similar.<strong>.<\/strong><\/p>\n<p>De acuerdo con el RGPD, el titular de los datos personales puede ejercer en todo momento sus derechos de informaci\u00f3n, acceso, rectificaci\u00f3n, supresi\u00f3n, limitaci\u00f3n, portabilidad y oposici\u00f3n, mediante solicitud escrita dirigida a AIR Harami &#8211; Forma\u00e7\u00e3o Lda, a trav\u00e9s de la direcci\u00f3n de correo electr\u00f3nico:\u00a0<a\n                        href=\"mailto:info@airtradingroup.com\">info@airtradingroup.com<\/a>.<\/p>\n<h3>8.\tAlteraciones a la Pol\u00edtica de Conservaci\u00f3n de Datos Personales<\/h3>\n<p>AIR Harami &#8211; Forma\u00e7\u00e3o Lda se reserva el derecho de actualizar su pol\u00edtica de conservaci\u00f3n de datos. Siempre que ello ocurra, la actualizaci\u00f3n o modificaci\u00f3n de la presente Pol\u00edtica de Conservaci\u00f3n de Datos Personales se har\u00e1 p\u00fablica en esta p\u00e1gina.<\/p>\n<p>\u00a0<\/p>\n<p>\u00a0<\/p>\n<p>\u00a0<\/p>\n<\/p><\/div>\n<p>            <!-- End Content --><\/p>\n<p>            <!-- Sidebar --><\/p>\n<div class=\"col-sm-4 col-md-3 sidebar col-md-offset-1\">\n                \u00a0\n            <\/div>\n<p>            <!-- End Sidebar -->\n        <\/div>\n<\/p><\/div>\n<\/section>\n","protected":false},"excerpt":{"rendered":"<p>Pol\u00edtica de Conservaci\u00f3n de Datos Personales \u00a0 1. Pol\u00edtica de Conservaci\u00f3n de Datos Personales De conformidad con los principios jur\u00eddicos establecidos en el art\u00edculo 5 del Reglamento General sobre la Protecci\u00f3n de Datos (en lo sucesivo, RGPD), y teniendo especialmente en cuenta los principios de transparencia, legalidad y, en particular, de la limitaci\u00f3n del almacenamiento<\/p>\n","protected":false},"author":1,"featured_media":0,"parent":0,"menu_order":0,"comment_status":"closed","ping_status":"closed","template":"","meta":[],"_links":{"self":[{"href":"https:\/\/www.airtradingroup.com\/es\/wp-json\/wp\/v2\/pages\/6937"}],"collection":[{"href":"https:\/\/www.airtradingroup.com\/es\/wp-json\/wp\/v2\/pages"}],"about":[{"href":"https:\/\/www.airtradingroup.com\/es\/wp-json\/wp\/v2\/types\/page"}],"author":[{"embeddable":true,"href":"https:\/\/www.airtradingroup.com\/es\/wp-json\/wp\/v2\/users\/1"}],"replies":[{"embeddable":true,"href":"https:\/\/www.airtradingroup.com\/es\/wp-json\/wp\/v2\/comments?post=6937"}],"version-history":[{"count":1,"href":"https:\/\/www.airtradingroup.com\/es\/wp-json\/wp\/v2\/pages\/6937\/revisions"}],"predecessor-version":[{"id":6938,"href":"https:\/\/www.airtradingroup.com\/es\/wp-json\/wp\/v2\/pages\/6937\/revisions\/6938"}],"wp:attachment":[{"href":"https:\/\/www.airtradingroup.com\/es\/wp-json\/wp\/v2\/media?parent=6937"}],"curies":[{"name":"wp","href":"https:\/\/api.w.org\/{rel}","templated":true}]}}