{"id":6935,"date":"2021-08-20T05:36:40","date_gmt":"2021-08-20T05:36:40","guid":{"rendered":"https:\/\/test.airtradingroup.com\/es\/?page_id=6935"},"modified":"2021-09-21T14:47:32","modified_gmt":"2021-09-21T14:47:32","slug":"proteccion-datos-personales","status":"publish","type":"page","link":"https:\/\/www.airtradingroup.com\/es\/proteccion-datos-personales\/","title":{"rendered":"Pol\u00edtica de Protecci\u00f3n de Datos Personales"},"content":{"rendered":"<section class=\"page-section small-section bg-gray-lighter mt-60\" id=\"legal\">\n<div class=\"relative container align-left\">\n<div class=\"row\">\n<div class=\"col-md-8\">\n<h1 class=\"mb-10 mb-xs-0\">Pol\u00edtica de Protec\u00e7\u00e3o de Dados Pessoais<\/h3>\n<\/p><\/div>\n<div class=\"col-md-4 mt-30\">\n<div class=\"mod-breadcrumbs font-alt align-right\">\n                    \u00a0\n                <\/div>\n<\/p><\/div>\n<\/p><\/div>\n<\/p><\/div>\n<\/section>\n<section class=\"page-section\">\n<div class=\"container relative\">\n<div class=\"row\">\n<p>            <!-- Content --><\/p>\n<div class=\"col-sm-8\">\n<h3>1. Pol\u00edtica de Protecci\u00f3n de Datos Personales<\/h3>\n<p>En el \u00e1mbito de su actividad, AIR Harami &#8211; Forma\u00e7\u00e3o Lda trata datos personales con arreglo a los<br \/>\n                    principios de licitud, lealtad y transparencia, limitaci\u00f3n de la finalidad, minimizaci\u00f3n, exactitud<br \/>\n                    y limitaci\u00f3n de los datos, garantizando el respeto de su integridad y confidencialidad.<\/p>\n<p>A las operaciones de tratamiento de datos personales realizadas por AIR Harami &#8211; Forma\u00e7\u00e3o Lda se<br \/>\n                    aplicar\u00e1n las normas jur\u00eddicas derivadas de la legislaci\u00f3n europea y nacional sobre protecci\u00f3n de<br \/>\n                    datos personales, en particular el Reglamento (UE) 2016\/679 del Parlamento Europeo y del Consejo, de<br \/>\n                    27 de abril de 2016, y de la Ley n\u00ba 58\/2019, de 8 de agosto, en relaci\u00f3n a las cuales se asume el<br \/>\n                    compromiso de respetar y velar por su correcto cumplimiento y aplicaci\u00f3n, en particular, en todas<br \/>\n                    las materias referentes a los derechos y libertades de los titulares de datos.<\/p>\n<p>En este sentido, todas las operaciones de tratamiento de datos desarrolladas por AIR Harami &#8211;<br \/>\n                    Forma\u00e7\u00e3o Lda se realizan con estricto cumplimiento de las medidas t\u00e9cnicas y organizativas que se<br \/>\n                    encuentran implementadas en su organizaci\u00f3n, con el fin de garantizar el pleno respeto de las normas<br \/>\n                    jur\u00eddicas relativas a la protecci\u00f3n de datos.<\/p>\n<p>Por consiguiente, y sin perjuicio de otras obligaciones legales derivadas de la Ley, AIR Harami &#8211;<br \/>\n                    Forma\u00e7\u00e3o Lda tratar\u00e1 los datos personales de sus clientes y usuarios de conformidad con la presente<br \/>\n                    Pol\u00edtica de Protecci\u00f3n de Datos Personales.<\/p>\n<h3>2. Legislaci\u00f3n y Documentos de Referencia<\/h3>\n<p>Las materias que conforman la presente Pol\u00edtica de Protecci\u00f3n de Datos Personales se encuentran<br \/>\n                    sujetas a la disciplina jur\u00eddica contenida en la siguiente legislaci\u00f3n y documentos de referencia:\n                <\/p>\n<ul>\n<li>Reglamento (UE) 2016\/679 del Parlamento Europeo y del Consejo, de 27 de abril de 2016, relativo<br \/>\n                        a la protecci\u00f3n de las personas f\u00edsicas en lo que respecta al tratamiento de datos personales y<br \/>\n                        a la libre circulaci\u00f3n de estos datos y por el que se deroga la Directiva 95\/46\/CE (Reglamento<br \/>\n                        General de Protecci\u00f3n de Datos).<\/li>\n<li>Directiva 2002\/58\/CE del Parlamento Europeo y del Consejo, de 12 de julio de 2002, relativa al<br \/>\n                        tratamiento de los datos personales y a la protecci\u00f3n de la privacidad en el sector de las<br \/>\n                        comunicaciones electr\u00f3nicas (Directiva sobre la privacidad y las comunicaciones electr\u00f3nicas).\n                    <\/li>\n<li>Ley n.\u00ba 58\/2019, de 8 de agosto (Di\u00e1rio da Rep\u00fablica n.\u00ba 151\/2019, Serie I de 2019-08-08)<\/li>\n<li>Ley n\u00ba 31\/2008, de 17 de julio (Di\u00e1rio da Rep\u00fablica, 1a serie &#8211; n\u00ba 137 &#8211; 17 de julio de 2008).\n                    <\/li>\n<li>Ley n.\u00ba41\/2004, de 18 de agosto (Di\u00e1rio da Rep\u00fablica n.\u00ba 194\/2004, Serie I-A de 2004-08-18),<br \/>\n                        modificada por la Ley n.\u00ba 46\/2012, de 29 de agosto (Di\u00e1rio da Rep\u00fablica n.\u00ba 167\/2012, Serie I de<br \/>\n                        2012-08-29).<\/li>\n<li>Deliberaci\u00f3n n\u00ba 494\/2019 de la Comiss\u00e3o Nacional de Prote\u00e7\u00e3o de Dados sobre la Desaplicaci\u00f3n de<br \/>\n                        normas de la Ley 58\/2019, de 3 de septiembre de 2019.<\/li>\n<\/ul>\n<h3>3. Identificaci\u00f3n del Responsable por el Tratamiento de los Datos Personales<\/h3>\n<p>AIR Harami &#8211; Forma\u00e7\u00e3o Lda, con el n\u00famero de identificaci\u00f3n fiscal 515776947, y con sede en la Avenida<br \/>\n                    Ant\u00f3nio Augusto de Aguiar, n\u00ba 24, 1\u00ba Esq., en Lisboa, es la entidad responsable del tratamiento de<br \/>\n                    datos personales, de acuerdo con lo dispuesto en los art\u00edculos 4, apartado n\u00ba 7 y 24 del RGPD.<\/p>\n<p>En efecto, y sin perjuicio de otras leyes aplicables, AIR Harami &#8211; Forma\u00e7\u00e3o Lda se compromete a<br \/>\n                    procesar los datos personales de sus clientes y usuarios de conformidad con el Reglamento (UE)<br \/>\n                    2016\/679 del Parlamento Europeo y del Consejo, de 27 de abril de 2016, relativo a la protecci\u00f3n de<br \/>\n                    las personas f\u00edsicas en lo que respecta al tratamiento de datos personales y a la libre circulaci\u00f3n<br \/>\n                    de datos personales, y con la Ley n\u00ba 58\/2019, de 8 de agosto de 2019, por la que se garantiza la<br \/>\n                    aplicaci\u00f3n en el ordenamiento jur\u00eddico nacional del Reglamento (UE) 2016\/679 del Parlamento y del<br \/>\n                    Consejo, de 27 de abril de 2016 (en lo sucesivo, Ley de Ejecuci\u00f3n), y dem\u00e1s legislaci\u00f3n aplicable.\n                <\/p>\n<h3>4. Conceptos y Definiciones<\/h3>\n<p>En virtud de esta Pol\u00edtica de Protecci\u00f3n de Datos Personales se utilizan los siguientes conceptos y<br \/>\n                    definiciones:<\/p>\n<p><em>Cuadro 1 &#8211; Conceptos y Definiciones de la Pol\u00edtica de Protecci\u00f3n de Datos Personales<\/em><\/p>\n<table class=\"table table-condensed table-bordered table-hover\">\n<tbody>\n<tr>\n<td width=\"126\">\n<p><strong>Clientes<\/strong><\/p>\n<\/td>\n<td width=\"498\">\n<p>Se considerar\u00e1n \u00abClientes\u00bb todas las personas f\u00edsicas que hayan establecido, o est\u00e9n<br \/>\n                                    en proceso de establecer, una relaci\u00f3n contractual con AIR Harami &#8211; Forma\u00e7\u00e3o Lda,<br \/>\n                                    incluyendo no solo los actuales compradores de sus servicios, sino tambi\u00e9n todas las<br \/>\n                                    personas f\u00edsicas que sean consideradas adquirentes potenciales de sus servicios.<\/p>\n<\/td>\n<\/tr>\n<tr>\n<td width=\"126\">\n<p><strong>Datos Personales<\/strong><\/p>\n<\/td>\n<td width=\"498\">\n<p>Datos Personales Se considerar\u00e1n datos personales toda la informaci\u00f3n relativa a los<br \/>\n                                    clientes y usuarios que se ajuste a la definici\u00f3n proporcionada por las<br \/>\n                                    disposiciones del. Art\u00edculo 4, apartado n\u00ba 1, del Reglamento General de Protecci\u00f3n<br \/>\n                                    de Datos. <\/p>\n<\/td>\n<\/tr>\n<tr>\n<td width=\"126\">\n<p><strong>Ley de Ejecuci\u00f3n<\/strong><\/p>\n<\/td>\n<td width=\"498\">\n<p>Ley n.\u00ba 58\/2019, de 8 de Agosto de 2019, que asegura la ejecuci\u00f3n, en el ordenamiento<br \/>\n                                    jur\u00eddico nacional, del Reglamento (UE) 2016\/679 del Parlamento y del Consejo, de 27<br \/>\n                                    de Abril de 2016.<\/p>\n<\/td>\n<\/tr>\n<tr>\n<td width=\"126\">\n<p><strong>Responsable por el Tratamiento<\/strong><\/p>\n<\/td>\n<td width=\"498\">\n<p>Entidad que determina los fines y medios del tratamiento de datos personales, tal<br \/>\n                                    como se define en el apartado n\u00ba 7 del art\u00edculo 4 del Reglamento General de<br \/>\n                                    Protecci\u00f3n de Datos.<\/p>\n<\/td>\n<\/tr>\n<tr>\n<td width=\"126\">\n<p><strong>RGPD<\/strong><\/p>\n<\/td>\n<td width=\"498\">\n<p>Reglamento (EU) 2016\/679 del Parlamento Europeo y del Consejo, de 27 de abril de<br \/>\n                                    2016, sobre la protecci\u00f3n de las personas f\u00edsicas en relaci\u00f3n al tratamiento de los<br \/>\n                                    datos personales y la libre circulaci\u00f3n de datos personales (Reglamento General<br \/>\n                                    sobre Protecci\u00f3n de Datos) <\/p>\n<\/td>\n<\/tr>\n<tr>\n<td width=\"126\">\n<p><strong>Encargado del tratamiento <\/strong><\/p>\n<\/td>\n<td width=\"498\">\n<p>Persona f\u00edsica o jur\u00eddica que trata los datos personales por cuenta del responsable<br \/>\n                                    del tratamiento, tal como se define en el art\u00edculo 4, apartado n\u00ba 8, del Reglamento<br \/>\n                                    General de Protecci\u00f3n de Datos.<\/p>\n<\/td>\n<\/tr>\n<tr>\n<td width=\"126\">\n<p><strong>Tratamiento<\/strong><\/p>\n<\/td>\n<td width=\"498\">\n<p>Se entiende por \u00abtratamiento\u201d de los datos personales cualquier operaci\u00f3n que se<br \/>\n                                    efect\u00fae sobre datos personales, o sobre conjuntos de datos personales, por medios<br \/>\n                                    automatizados o no automatizados, tales como la recogida, el registro, la<br \/>\n                                    organizaci\u00f3n, la estructuraci\u00f3n, la conservaci\u00f3n, la adaptaci\u00f3n o la modificaci\u00f3n,<br \/>\n                                    la recuperaci\u00f3n, la consulta, la utilizaci\u00f3n, la divulgaci\u00f3n por transmisi\u00f3n,<br \/>\n                                    difusi\u00f3n o cualquier otra forma de puesta a disposici\u00f3n, la comparaci\u00f3n o<br \/>\n                                    interconexi\u00f3n, la limitaci\u00f3n, la supresi\u00f3n o la destrucci\u00f3n, tal como se define en<br \/>\n                                    el art\u00edculo 4, apartado n\u00ba 2, del Reglamento General de Protecci\u00f3n de Datos.<\/p>\n<\/td>\n<\/tr>\n<tr>\n<td width=\"126\">\n<p><strong>Usuarios<\/strong><\/p>\n<\/td>\n<td width=\"498\">\n<p>A efectos de la presente Pol\u00edtica de Protecci\u00f3n de Datos Personales, se considerar\u00e1n<br \/>\n                                    \u00abUsuarios\u00bb todas las personas f\u00edsicas que visiten o de cualquier otra forma accedan<br \/>\n                                    a la p\u00e1gina de internet del responsable del tratamiento de datos.<\/p>\n<\/td>\n<\/tr>\n<tr>\n<td width=\"126\">\n<p><strong>P\u00e1gina de Internet<\/strong><\/p>\n<\/td>\n<td width=\"498\">\n<p>Se refiere a la p\u00e1gina de internet de AIR Harami &#8211; Forma\u00e7\u00e3o Lda, en \u00a0<a\n                                        href=\"http:\/\/www.airtradingroup.com\">www.airtradingroup.com<\/a>, as\u00ed como a<br \/>\n                                    todos los subdominios de su p\u00e1gina de internet, a menos que, en sus T\u00e9rminos y<br \/>\n                                    Condiciones, est\u00e9n expresamente excluidos.<\/p>\n<\/td>\n<\/tr>\n<\/tbody>\n<\/table>\n<p>\u00a0<\/p>\n<h3>5. \u00c1mbito de la Pol\u00edtica de Protecci\u00f3n de Datos Personales<\/h3>\n<p>Como se menciona en el punto 3 de la presente Pol\u00edtica de Protecci\u00f3n de los Datos Personales, AIR<br \/>\n                    Harami &#8211; Forma\u00e7\u00e3o Lda es la entidad responsable del tratamiento de los datos personales, en la<br \/>\n                    medida en que \u00e9sta es la entidad que, a los efectos referidos en la Pol\u00edtica de Protecci\u00f3n de Datos,<br \/>\n                    determina los fines y los medios de tratamiento de datos personales.<\/p>\n<p>De acuerdo con lo dispuesto en el art\u00edculo 24 del RGPD, es competencia del responsable del<br \/>\n                    tratamiento de los datos personales aplicar las medidas t\u00e9cnicas y organizativas adecuadas para<br \/>\n                    garantizar y demostrar que el tratamiento se lleva a cabo de conformidad con el Reglamento y la Ley<br \/>\n                    de Ejecuci\u00f3n. En este sentido, AIR Harami &#8211; Forma\u00e7\u00e3o Lda debe cumplir sus obligaciones legales con<br \/>\n                    lealtad y transparencia, incluyendo, pero no limitado, el deber de informar a los titulares de los<br \/>\n                    datos acerca del tratamiento de datos personales, utilizando un lenguaje claro y sencillo.<\/p>\n<p>De este modo, la presente Pol\u00edtica de Protecci\u00f3n de Datos Personales incide sobre cualquier tipo o<br \/>\n                    categor\u00eda de datos personales que sean objeto de tratamiento por AIR Harami &#8211; Forma\u00e7\u00e3o Lda.<\/p>\n<p>La presente Pol\u00edtica de Protecci\u00f3n de Datos Personales no se extiende a ning\u00fan otro sitio de internet<br \/>\n                    accesible desde la p\u00e1gina internet de AIR Harami &#8211; Forma\u00e7\u00e3o Lda, incluyendo, entre otros, los<br \/>\n                    enlaces que puedan estar presentes en su p\u00e1gina de iInternet.<\/p>\n<h3>6. Categor\u00edas de Datos Personales<\/h3>\n<p>Considerando que el principio jur\u00eddico relativo a la minimizaci\u00f3n de los datos personales exige que<br \/>\n                    s\u00f3lo se traten los datos personales estrictamente necesarios para la realizaci\u00f3n de las finalidades<br \/>\n                    que justifican su recogida, as\u00ed como los principios de la protecci\u00f3n de datos desde el dise\u00f1o y de<br \/>\n                    la protecci\u00f3n de datos por defecto, AIR Harami &#8211; Forma\u00e7\u00e3o Lda proceder\u00e1 al tratamiento de las<br \/>\n                    siguientes categor\u00edas de datos personales:<\/p>\n<ol>\n<li><strong>Identificaci\u00f3n personal \u00a0<\/strong>\u2013 Aqu\u00ed se incluyen el nombre del cliente y el nombre<br \/>\n                        de usuario de acceso a las plataformas online utilizadas por AIR Harami &#8211; Forma\u00e7\u00e3o Lda, en el<br \/>\n                        contexto de los servicios que se proporcionan a trav\u00e9s de Internet.<\/li>\n<li><strong>Contactos personales \u00a0<\/strong>\u2013 Aqu\u00ed se incluyen, el contacto telef\u00f3nico, la direcci\u00f3n<br \/>\n                        de correo electr\u00f3nico o cualquier otro elemento que permita establecer contacto con los clientes<br \/>\n                        y usuarios.<\/li>\n<li><strong>Datos Fiscales \u00a0<\/strong>\u2013 Aqu\u00ed se incluyen el n\u00famero de identificaci\u00f3n fiscal y la<br \/>\n                        direcci\u00f3n fiscal del cliente.<\/li>\n<li><strong>Datos Bancarios y afines \u00a0<\/strong>\u2013 Incluye, entre otros elementos, la informaci\u00f3n de<br \/>\n                        naturaleza bancaria, entre las cuales, el n\u00famero internacional de cuenta bancaria (IBAN), n\u00famero<br \/>\n                        y datos de identificaci\u00f3n de la cuenta Paypal y cuenta Stripe de los Clientes. <\/li>\n<li><strong>Informaci\u00f3n personal derivada del uso de los Servicios <\/strong>\u2013 Aqu\u00ed se incluye toda<br \/>\n                        la informaci\u00f3n que se reciba en el contexto de respuesta a las preguntas, solicitudes o<br \/>\n                        reclamaciones por parte de los clientes o usuarios, as\u00ed como toda la informaci\u00f3n de car\u00e1cter<br \/>\n                        personal que sea expuesta o mostrada por los clientes en la plataforma de chat online.<\/li>\n<\/ol>\n<h3>7. Finalidades del Tratamiento de los Datos Personales<\/h3>\n<p>Teniendo en cuenta el principio jur\u00eddico relativo a la minimizaci\u00f3n de los datos personales, AIR<br \/>\n                    Harami &#8211; Forma\u00e7\u00e3o, Lda recopila y trata las categor\u00edas de datos identificadas en el punto 6 de la<br \/>\n                    presente pol\u00edtica de protecci\u00f3n de datos, las cuales resultan estrictamente necesarias en funci\u00f3n de<br \/>\n                    las finalidades definidas en el siguiente cuadro:<\/p>\n<p><em>Cuadro 2 &#8211; Finalidades del Tratamiento de los Datos Personales<\/em><\/p>\n<table class=\"table table-condensed table-bordered table-hover\">\n<tbody>\n<tr style=\"height: 62px;\">\n<td style=\"height: 62px;\">\n<p><strong>Secci\u00f3n<\/strong><\/p>\n<\/td>\n<td style=\"height: 62px;\">\n<p><strong>Finalidad<\/strong><\/p>\n<\/td>\n<td style=\"height: 62px;\">\n<p><strong>Categor\u00edas de titulares de datos<\/strong><\/p>\n<\/td>\n<td style=\"height: 62px;\">\n<p><strong>Categor\u00edas de Datos Personales<\/strong><\/p>\n<\/td>\n<td style=\"height: 62px;\">\n<p><strong>Datos Personales<\/strong><\/p>\n<\/td>\n<\/tr>\n<tr style=\"height: 35.4px;\">\n<td style=\"height: 131.4px;\" rowspan=\"3\">\n<p><span style=\"text-decoration: underline;\">Impreso de Contacto<\/span><\/p>\n<\/td>\n<td style=\"height: 131.4px;\" rowspan=\"3\">\n<p>\u2022\u00a0<strong>Realizaci\u00f3n de gestiones precontractuales (en particular: suministro de<br \/>\n                                        informaci\u00f3n y aclaraciones relativas a los servicios de Air Harami &#8211; Forma\u00e7\u00e3o<br \/>\n                                        Lda) <\/strong><\/p>\n<\/td>\n<td style=\"height: 131.4px;\" rowspan=\"3\">\n<p>Potenciales clientes<\/p>\n<\/td>\n<td style=\"height: 131.4px;\" rowspan=\"3\">\n<p>Identificaci\u00f3n y Contactos Personales<\/p>\n<\/td>\n<td style=\"height: 35.4px;\">\n<p>Nombre<\/p>\n<\/td>\n<\/tr>\n<tr style=\"height: 48px;\">\n<td style=\"height: 48px;\">\n<p>Correo electr\u00f3nico<\/p>\n<\/td>\n<\/tr>\n<tr style=\"height: 48px;\">\n<td style=\"height: 48px;\">\n<p>Contacto Telef\u00f3nico<\/p>\n<\/td>\n<\/tr>\n<tr style=\"height: 48px;\">\n<td style=\"height: 96px;\" rowspan=\"2\">\n<p><span style=\"text-decoration: underline;\">Contacto Whatsapp Messager<\/span><\/p>\n<\/td>\n<td style=\"height: 96px;\" rowspan=\"2\">\n<p>\u2022\u00a0<strong>Realizaci\u00f3n de gestiones precontractuales (en particular: suministro de<br \/>\n                                        informaciones y aclaraciones relativas a los servicios de Air Harami &#8211; Forma\u00e7\u00e3o<br \/>\n                                        Lda)<\/strong><\/p>\n<\/td>\n<td style=\"height: 96px;\" rowspan=\"2\">\n<p>Potenciales clientes<\/p>\n<\/td>\n<td style=\"height: 96px;\" rowspan=\"2\">\n<p>Identificaci\u00f3n y Contactos Personales<\/p>\n<\/td>\n<td style=\"height: 48px;\">\n<p>Nombre \/ Nombre de Usuario<\/p>\n<\/td>\n<\/tr>\n<tr style=\"height: 48px;\">\n<td style=\"height: 48px;\">\n<p>Contacto Telef\u00f3nico<\/p>\n<\/td>\n<\/tr>\n<tr style=\"height: 35px;\">\n<td style=\"height: 276px;\" rowspan=\"6\">\n<p><span style=\"text-decoration: underline;\">Servicios<\/span><\/p>\n<\/td>\n<td style=\"height: 276px;\" rowspan=\"6\">\n<p>\u2022\u00a0<strong>Ejecuci\u00f3n del contrato (prestaci\u00f3n de servicios) del cual el titular de los<br \/>\n                                        datos personales (cliente) es titular.<\/strong><\/p>\n<p>\u2022\u00a0<strong>Registro de clientes<\/strong><\/p>\n<p>\u2022\u00a0<strong>Transmisi\u00f3n de datos a AT en cumplimiento de obligaciones fiscales y<br \/>\n                                        tributarias aplicables.<\/strong><\/p>\n<p>\u2022\u00a0<strong>Procesamiento del pago de los servicios adquiridos por el cliente<\/strong>\n                                <\/p>\n<\/td>\n<td style=\"height: 276px;\" rowspan=\"6\">\n<p>Clientes<\/p>\n<\/td>\n<td style=\"height: 166px;\" rowspan=\"4\">\n<p>Identificaci\u00f3n y Contactos Personales<\/p>\n<\/td>\n<td style=\"height: 35px;\">\n<p>Nombre<\/p>\n<\/td>\n<\/tr>\n<tr style=\"height: 35px;\">\n<td style=\"height: 35px;\">\n<p>Direcci\u00f3n<\/p>\n<\/td>\n<\/tr>\n<tr style=\"height: 48px;\">\n<td style=\"height: 48px;\">\n<p>Contacto telef\u00f3nico<\/p>\n<\/td>\n<\/tr>\n<tr style=\"height: 48px;\">\n<td style=\"height: 48px;\">\n<p>Correo electr\u00f3nico<\/p>\n<\/td>\n<\/tr>\n<tr style=\"height: 62px;\">\n<td style=\"height: 62px;\">\n<p>Datos Bancarios<\/p>\n<\/td>\n<td style=\"height: 62px;\">\n<p>IBAN, Conta PayPal e Conta Stripe<\/p>\n<\/td>\n<\/tr>\n<tr style=\"height: 48px;\">\n<td style=\"height: 48px;\">\n<p>Datos Fiscales<\/p>\n<\/td>\n<td style=\"height: 48px;\">\n<p>N.\u00ba de Identificaci\u00f3n Fiscal<\/p>\n<\/td>\n<\/tr>\n<tr style=\"height: 97px;\">\n<td style=\"height: 97px;\">\n<p><span style=\"text-decoration: underline;\">Plataformas de acceso a los<br \/>\n                                        Servicios<\/span><\/p>\n<\/td>\n<td style=\"height: 97px;\">\n<p>\u2022\u00a0<strong>Creaci\u00f3n de un perfil de usuario\/Login en la plataforma de chat <\/strong>\n                                <\/p>\n<p>\u2022\u00a0<strong>Puesta a disposici\u00f3n de los servicios v\u00eda online<\/strong><\/p>\n<p>\u2022\u00a0<strong>Realizaci\u00f3n de sesiones de seguimiento online incluidas en los Servicios<br \/>\n                                        relativos a los Cursos<\/strong><\/p>\n<\/td>\n<td style=\"height: 97px;\">\n<p>Clientes<\/p>\n<\/td>\n<td style=\"height: 97px;\">\n<p>Identificaci\u00f3n y Contactos Personales<\/p>\n<\/td>\n<td style=\"height: 97px;\">\n<p>Nombre \/ Nombre de Usuario <br \/>\n                                    Correo electr\u00f3nico\n                                <\/p>\n<\/td>\n<\/tr>\n<tr style=\"height: 48px;\">\n<td style=\"height: 96px;\" rowspan=\"2\">\n<p><span style=\"text-decoration: underline;\">Control de Seguridad<\/span><\/p>\n<\/td>\n<td style=\"height: 96px;\" rowspan=\"2\">\n<p>\u2022\u00a0<strong>Gesti\u00f3n de accesos y logins.<\/strong><\/p>\n<p>\u2022\u00a0<strong>Gesti\u00f3n de incidentes de seguridad.<\/strong><\/p>\n<\/td>\n<td style=\"height: 96px;\" rowspan=\"2\">\n<p>Clientes<\/p>\n<\/td>\n<td style=\"height: 96px;\" rowspan=\"2\">\n<p>Identificaci\u00f3n y Contactos Personales<\/p>\n<\/td>\n<td style=\"height: 48px;\">\n<p>Nombre \/ Nombre de Usuario<\/p>\n<\/td>\n<\/tr>\n<tr style=\"height: 48px;\">\n<td style=\"height: 48px;\">\n<p>Correo electr\u00f3nico<\/p>\n<\/td>\n<\/tr>\n<tr style=\"height: 35px;\">\n<td style=\"height: 83px;\" rowspan=\"2\">\n<p><span style=\"text-decoration: underline;\">Newsletters y Campa\u00f1as Promocionales<\/span>\n                                <\/p>\n<\/td>\n<td style=\"height: 83px;\" rowspan=\"2\">\n<p>\u2022\u00a0<strong>Env\u00edo de campa\u00f1as promocionales y de nuevas actualizaciones relativamente a<br \/>\n                                        los servicios prestados por AIR Harami &#8211; Forma\u00e7\u00e3o Lda<\/strong><\/p>\n<\/td>\n<td style=\"height: 83px;\" rowspan=\"2\">\n<p>Clientes y Usuarios<\/p>\n<\/td>\n<td style=\"height: 83px;\" rowspan=\"2\">\n<p>Identificaci\u00f3n y Contactos Personales<\/p>\n<\/td>\n<td style=\"height: 35px;\">\n<p>Nombre<\/p>\n<\/td>\n<\/tr>\n<tr style=\"height: 48px;\">\n<td style=\"height: 48px;\">\n<p>Correo electr\u00f3nico<\/p>\n<\/td>\n<\/tr>\n<tr style=\"height: 35px;\">\n<td style=\"height: 83px;\" rowspan=\"2\">\n<p><span style=\"text-decoration: underline;\">Legal \/ Jur\u00eddico<\/span><\/p>\n<\/td>\n<td style=\"height: 83px;\" rowspan=\"2\">\n<p>\u2022\u00a0<strong>Cumplimiento de una obligaci\u00f3n jur\u00eddica a la que est\u00e1 sujeta AIR Harami &#8211;<br \/>\n                                        Forma\u00e7\u00e3o Lda<\/strong><\/p>\n<\/td>\n<td style=\"height: 83px;\" rowspan=\"2\">\n<p>Potenciales clientes y Clientes<\/p>\n<\/td>\n<td style=\"height: 83px;\" rowspan=\"2\">\n<p>Identificaci\u00f3n y Contactos Personales<\/p>\n<\/td>\n<td style=\"height: 35px;\">\n<p>Nombre<\/p>\n<\/td>\n<\/tr>\n<tr style=\"height: 48px;\">\n<td style=\"height: 48px;\">\n<p>N\u00famero de Identificaci\u00f3n Fiscal<\/p>\n<\/td>\n<\/tr>\n<\/tbody>\n<\/table>\n<p>\u00a0<\/p>\n<h3>8. Fundamentaci\u00f3n del Tratamiento de los Datos Personales<\/h3>\n<p>Los responsables del tratamiento de los datos personales est\u00e1n encargados de proceder al tratamiento<br \/>\n                    de los datos de forma l\u00edcita, leal y transparente. En este sentido, y en cumplimiento de las normas<br \/>\n                    legales aplicables, AIR Harami &#8211; Forma\u00e7\u00e3o Lda procesa los datos personales de sus clientes y de los<br \/>\n                    usuarios de su p\u00e1gina web, seg\u00fan los fundamentos expuestos en las letras a), b), y c) del apartado<br \/>\n                    n\u00ba 1 del art\u00edculo 6 del RGPD.<\/p>\n<p>Considerando las diferentes finalidades mencionadas en el Punto 7 de la presente Pol\u00edtica de<br \/>\n                    Protecci\u00f3n de Datos Personales, AIR Harami &#8211; Forma\u00e7\u00e3o Lda proceder\u00e1, en cada caso, al tratamiento de<br \/>\n                    los datos personales de acuerdo con los fundamentos de legalidad establecidos en el siguiente<br \/>\n                    cuadro:<\/p>\n<p><em>Cuadro 3 \u2013 Licitud del Tratamiento (art\u00edculo 6.\u00ba do RGPD)<\/em><\/p>\n<table class=\"table table-condensed table-bordered table-hover\">\n<tbody>\n<tr>\n<td>\n<p><strong>Secci\u00f3n<\/strong><\/p>\n<\/td>\n<td>\n<p><strong>Finalidad<\/strong><\/p>\n<\/td>\n<td>\n<p><strong>Categor\u00edas de titulares de datos<\/strong><\/p>\n<\/td>\n<td>\n<p><strong>Categor\u00edas de Datos Personales<\/strong><\/p>\n<\/td>\n<td>\n<p><strong>Legalidad del Tratamiento<\/strong><\/p>\n<\/td>\n<\/tr>\n<tr>\n<td>\n<p><span style=\"text-decoration: underline;\">Impreso de Contacto<\/span><\/p>\n<\/td>\n<td>\n<p>\u2022\u00a0<strong>Realizaci\u00f3n de gestiones precontractuales (en particular: prestaci\u00f3n de<br \/>\n                                        informaciones y aclaraciones relativas a los servicios da Air Harami &#8211; Forma\u00e7\u00e3o<br \/>\n                                        Lda).<\/strong><\/p>\n<\/td>\n<td>\n<p>Potenciales clientes<\/p>\n<\/td>\n<td>\n<p>Identificaci\u00f3n y Contactos Personales<\/p>\n<\/td>\n<td>\n<p><strong>Art\u00edculo 6.\u00ba, n.\u00ba 1, l\u00ednea b) del RGPD<\/strong><\/p>\n<\/td>\n<\/tr>\n<tr>\n<td>\n<p><span style=\"text-decoration: underline;\">Contacto Whatsapp Messager<\/span><\/p>\n<\/td>\n<td>\n<p>\u2022\u00a0<strong>Realizaci\u00f3n de gestiones precontractuales (en particular: prestaci\u00f3n de<br \/>\n                                        informaciones e aclaraciones relativas a los servicios da Air Harami &#8211; Forma\u00e7\u00e3o<br \/>\n                                        Lda).<\/strong><\/p>\n<\/td>\n<td>\n<p>Potenciales clientes<\/p>\n<\/td>\n<td>\n<p>Identificaci\u00f3n y Contactos Personales<\/p>\n<\/td>\n<td>\n<p><strong>Art\u00edculo 6.\u00ba, n.\u00ba 1, l\u00ednea b) del RGPD<\/strong><\/p>\n<\/td>\n<\/tr>\n<tr>\n<td rowspan=\"3\">\n<p><span style=\"text-decoration: underline;\">Servicios<\/span><\/p>\n<\/td>\n<td rowspan=\"3\">\n<p>\u2022\u00a0<strong>Ejecuci\u00f3n del contrato (prestaci\u00f3n de servicios) del cual el titular de los<br \/>\n                                        datos personales (cliente) es titular.<\/strong><\/p>\n<p>\u2022\u00a0<strong>Registro de cliente.<\/strong><\/p>\n<p>\u2022\u00a0<strong>Transmisi\u00f3n de datos a la AT en cumplimiento de obligaciones fiscales y<br \/>\n                                        tributarias aplicables.<\/strong><\/p>\n<p>\u2022\u00a0<strong>Procesamiento del pago de los servicios adquiridos por el cliente<\/strong>\n                                <\/p>\n<\/td>\n<td rowspan=\"3\">\n<p>Clientes<\/p>\n<\/td>\n<td>\n<p>Identificaci\u00f3n y Contactos Personales<\/p>\n<\/td>\n<td rowspan=\"2\">\n<p><strong>Art\u00edculo 6.\u00ba, n.\u00ba 1, l\u00ednea b) del RGPD<\/strong><\/p>\n<\/td>\n<\/tr>\n<tr>\n<td>\n<p>Datos Bancarios<\/p>\n<\/td>\n<\/tr>\n<tr>\n<td>\n<p>Datos Fiscales<\/p>\n<\/td>\n<td>\n<p><strong>Datos Fiscales Art\u00edculo 6.\u00ba, n.\u00ba 1, l\u00ednea c) del RGPD<\/strong><\/p>\n<\/td>\n<\/tr>\n<tr>\n<td>\n<p><span style=\"text-decoration: underline;\">Plataformas de acceso a los<br \/>\n                                        Servicios<\/span><\/p>\n<\/td>\n<td>\n<p>\u2022\u00a0<strong>Creaci\u00f3n de un perfil de Usuario\/Login en la plataforma de Chat.<\/strong>\n                                <\/p>\n<p>\u2022\u00a0<strong>Puesta a disposici\u00f3n dos servicios v\u00eda online.<\/strong><\/p>\n<p>\u2022\u00a0<strong>Realizaci\u00f3n de sesiones de seguimiento online incluidas en los Servicios<br \/>\n                                        relativos a los Cursos.<\/strong><\/p>\n<\/td>\n<td>\n<p>Clientes<\/p>\n<\/td>\n<td>\n<p>Identificaci\u00f3n y Contactos Personales<\/p>\n<\/td>\n<td>\n<p><strong>Art\u00edculo 6.\u00ba, n.\u00ba 1, l\u00ednea b) del RGPD<\/strong><\/p>\n<\/td>\n<\/tr>\n<tr>\n<td>\n<p><span style=\"text-decoration: underline;\">Control de Seguridad<\/span><\/p>\n<\/td>\n<td>\n<p>\u2022\u00a0<strong>Gesti\u00f3n de accesos y logins.<\/strong><\/p>\n<p>\u2022\u00a0<strong>Gesti\u00f3n de incidentes de seguridad.<\/strong><\/p>\n<\/td>\n<td>\n<p>Clientes<\/p>\n<\/td>\n<td>\n<p>Identificaci\u00f3n y Contactos Personales<\/p>\n<\/td>\n<td>\n<p><strong>Art\u00edculo 6.\u00ba, n.\u00ba 1, l\u00ednea b) del RGPD<\/strong><\/p>\n<\/td>\n<\/tr>\n<tr>\n<td>\n<p><span style=\"text-decoration: underline;\">Newsletters e Campa\u00f1as Promocionales<\/span>\n                                <\/p>\n<\/td>\n<td>\n<p>\u2022\u00a0<strong>Env\u00edo de campa\u00f1as promocionales y de nuevas actualizaciones relativamente a<br \/>\n                                        los servicios prestados por AIR Harami &#8211; Forma\u00e7\u00e3o Lda.<\/strong><\/p>\n<\/td>\n<td>\n<p>Clientes y Usuarios<\/p>\n<\/td>\n<td>\n<p>Identificaci\u00f3n y Contactos Personales<\/p>\n<\/td>\n<td>\n<p><strong>Art\u00edculo 6.\u00ba, n.\u00ba 1, l\u00ednea a) del RGPD<\/strong><\/p>\n<\/td>\n<\/tr>\n<tr>\n<td>\n<p><span style=\"text-decoration: underline;\">Legal \/ Jur\u00eddico<\/span><\/p>\n<\/td>\n<td>\n<p>\u2022\u00a0<strong>Cumplimiento de una obligaci\u00f3n jur\u00eddica a la cual a AIR Harami &#8211; Forma\u00e7\u00e3o<br \/>\n                                        Lda est\u00e1 sujeta.<\/strong><\/p>\n<\/td>\n<td>\n<p>Potenciales clientes y Clientes<\/p>\n<\/td>\n<td>\n<p>Identificaci\u00f3n y Contactos Personales<\/p>\n<\/td>\n<td>\n<p><strong>Art\u00edculo 6.\u00ba, n.\u00ba 1, l\u00ednea c) del RGPD<\/strong><\/p>\n<\/td>\n<\/tr>\n<\/tbody>\n<\/table>\n<p>\u00a0<\/p>\n<ul>\n<li><strong>Consentimiento <\/strong>\u00a0\u2013 El tratamiento de datos personales basado en el<br \/>\n                        consentimiento (Art\u00edculo 6, apartado n\u00ba 1, l\u00ednea a) del RGPD) ocurre en los casos en que,<br \/>\n                        manifestando su voluntad de forma libre, espec\u00edfica, informada y expl\u00edcita, el titular de los<br \/>\n                        datos personales (cliente y\/o usuario) acepta que sus datos sean tratados con vistas a la<br \/>\n                        realizaci\u00f3n de campa\u00f1as promocionales y el env\u00edo de newsletters, en los t\u00e9rminos definidos en el<br \/>\n                        punto 7 de la presente Pol\u00edtica de Protecci\u00f3n de Datos.<\/li>\n<\/ul>\n<ul>\n<li><strong>Ejecuci\u00f3n de un contrato o gestiones precontractuales <\/strong>\u00a0\u2013<br \/>\n                        Los datos personales de los clientes y usuarios, pueden ser objeto de tratamiento cuando se<br \/>\n                        revelen necesarios para la ejecuci\u00f3n de un contrato o para la realizaci\u00f3n de gestiones<br \/>\n                        precontractuales, tal como se define en el art\u00edculo 6, apartado n\u00ba 1, letra b), del RGPD. Son<br \/>\n                        ejemplos del tratamiento de datos personales basados en los fundamentos del art\u00edculo 6, apartado<br \/>\n                        n\u00ba 1, l\u00ednea b) del RGPD, la creaci\u00f3n de una ficha de cliente; la creaci\u00f3n de un \u00e1rea de login<br \/>\n                        para autenticaci\u00f3n de la identidad del cliente para acceder a los servicios adquiridos; o bien,<br \/>\n                        las comunicaciones realizadas con los titulares de los datos personales cuando estos utilicen<br \/>\n                        los impresos de contacto dispuestos en la p\u00e1gina de internet destinados al env\u00edo de mensajes,<br \/>\n                        dudas, Informaciones o solicitudes de aclaraci\u00f3n respecto a los servicios proporcionados por AIR<br \/>\n                        Harami &#8211; Forma\u00e7\u00e3o Lda. De conformidad con las finalidades establecidas en el punto 7 de la<br \/>\n                        presente Pol\u00edtica de Protecci\u00f3n de Datos Personales, el fundamento de la legalidad del<br \/>\n                        tratamiento contemplado en la letra b) del apartado n\u00ba 1 del art\u00edculo 6 del RGPD se utilizar\u00e1<br \/>\n                        para el tratamiento de todo tipo de datos, incluida la secci\u00f3n \u00abImpreso de Contacto\u00bb, \u00abContacto<br \/>\n                        Whatsapp Messanger\u00bb, \u00abServicio\u00bb, \u00abPlataformas de Acceso a los Servicios\u00bb, y \u00abControl de<br \/>\n                        Seguridad\u00bb.<\/li>\n<\/ul>\n<ul>\n<li><strong>Cumplimiento de una obligaci\u00f3n jur\u00eddica <\/strong>\u00a0\u2013<br \/>\n                        Se tratar\u00e1n los datos personales de sus titulares cuando, sobre la base del art\u00edculo 6, apartado<br \/>\n                        n\u00ba 1, letra c), del RGPD, ello resulte necesario para el pleno cumplimiento de una obligaci\u00f3n<br \/>\n                        jur\u00eddica a la que AIR Harami &#8211; Forma\u00e7\u00e3o Lda est\u00e1 sujeta, como sucede, a t\u00edtulo de ejemplo, en<br \/>\n                        relaci\u00f3n con las obligaciones de comunicaci\u00f3n de datos de identificaci\u00f3n fiscales y otros a las<br \/>\n                        autoridades policiales, judiciales, fiscales o reguladoras.<\/li>\n<\/ul>\n<h3>9. Conservaci\u00f3n de los Datos Personales<\/h3>\n<p>Teniendo en cuenta el principio jur\u00eddico de limitaci\u00f3n de la conservaci\u00f3n, los datos personales que<br \/>\n                    sean objeto de tratamiento por parte de AIR Harami &#8211; Forma\u00e7\u00e3o Lda en los t\u00e9rminos definidos en los<br \/>\n                    puntos anteriores, se conservar\u00e1n durante el periodo estrictamente necesario para la realizaci\u00f3n de<br \/>\n                    las finalidades previstas en el punto 7 o, en su caso, hasta que el titular de los datos personales<br \/>\n                    ejerza cualquiera de los derechos previstos en el punto 12 de la presente Pol\u00edtica de Protecci\u00f3n de<br \/>\n                    Datos Personales. En funci\u00f3n de las m\u00faltiples finalidades del tratamiento y de los diferentes<br \/>\n                    fundamentos legales que justifican la retenci\u00f3n de los datos personales, AIR Harami &#8211; Forma\u00e7\u00e3o Lda<br \/>\n                    proceder\u00e1 a la conservaci\u00f3n de los datos personales de sus clientes y usuarios, en los t\u00e9rminos<br \/>\n                    definidos en el siguiente cuadro:<\/p>\n<p><em>Cuadro 4 &#8211; Periodo de Conservaci\u00f3n de los Datos Personales<\/em><\/p>\n<table width=\"100%\" class=\"table table-condensed table-bordered table-hover\">\n<tbody>\n<tr>\n<td width=\"12%\">\n<p><strong>Secci\u00f3n<\/strong><\/p>\n<\/td>\n<td width=\"19%\">\n<p><strong>Finalidad<\/strong><\/p>\n<\/td>\n<td width=\"13%\">\n<p><strong>Datos Personales<\/strong><\/p>\n<\/td>\n<td width=\"14%\">\n<p><strong>Base legal del Tratamiento<\/strong><\/p>\n<\/td>\n<td width=\"15%\">\n<p><strong>Per\u00edodo de conserva\u00e7\u00e3o<\/strong><\/p>\n<\/td>\n<td width=\"25%\">\n<p><strong>Fundamento legal<\/strong><\/p>\n<\/td>\n<\/tr>\n<tr>\n<td rowspan=\"3\" width=\"12%\">\n<p><span style=\"text-decoration: underline;\">Formul\u00e1rio de Contacto<\/span><\/p>\n<\/td>\n<td rowspan=\"3\" width=\"19%\">\n<p>\u00b7 Realiza\u00e7\u00e3o de dilig\u00eancias pr\u00e9-contratuais (em<br \/>\n                                    espec\u00edfico:<br \/>\n                                    presta\u00e7\u00e3o de informa\u00e7\u00f5es e esclarecimentos relativas aos<br \/>\n                                    servi\u00e7os<br \/>\n                                    da AIR Harami &#8211; Forma\u00e7\u00e3o Lda)<\/p>\n<\/td>\n<td width=\"13%\">\n<p>Nome<\/p>\n<\/td>\n<td rowspan=\"3\" width=\"14%\">\n<p>Artigo 6.\u00ba, n.\u00ba 1, al\u00ednea b) do RGPD<\/p>\n<\/td>\n<td rowspan=\"3\" width=\"15%\">\n<p><strong>3 anos<\/strong><\/p>\n<\/td>\n<td rowspan=\"3\" width=\"25%\">\n<p>Prazo para efeitos de declara\u00e7\u00e3o, exerc\u00edcio ou defesa de um<br \/>\n                                    direito num processo<br \/>\n                                    judicial, entre outros, nos termos dos artigos 303.\u00ba e 317.\u00ba do<br \/>\n                                    C\u00f3digo Civil<br \/>\n                                    Portugu\u00eas<\/p>\n<\/td>\n<\/tr>\n<tr>\n<td width=\"13%\">\n<p>Endere\u00e7o Electr\u00f3nico<\/p>\n<\/td>\n<\/tr>\n<tr>\n<td width=\"13%\">\n<p>Contacto Telef\u00f3nico<\/p>\n<\/td>\n<\/tr>\n<tr>\n<td rowspan=\"2\" width=\"12%\">\n<p><span style=\"text-decoration: underline;\">Contacto Whatsapp Messager<\/span><\/p>\n<\/td>\n<td rowspan=\"2\" width=\"19%\">\n<p>\u00b7 Realiza\u00e7\u00e3o de dilig\u00eancias pr\u00e9-contratuais (em<br \/>\n                                    espec\u00edfico:<br \/>\n                                    presta\u00e7\u00e3o de informa\u00e7\u00f5es e esclarecimentos relativas aos<br \/>\n                                    servi\u00e7os<br \/>\n                                    da AIR Harami &#8211; Forma\u00e7\u00e3o Lda)<\/p>\n<\/td>\n<td width=\"13%\">\n<p>Nome \/ Nome de Utilizador<\/p>\n<\/td>\n<td rowspan=\"2\" width=\"14%\">\n<p>Artigo 6.\u00ba, n.\u00ba 1, al\u00ednea b) do RGPD<\/p>\n<\/td>\n<td rowspan=\"2\" width=\"15%\">\n<p><strong>6 meses<\/strong><\/p>\n<\/td>\n<td rowspan=\"2\" width=\"25%\">\n<p>Realiza\u00e7\u00e3o de dilig\u00eancias pr\u00e9-contratuais<\/p>\n<\/td>\n<\/tr>\n<tr>\n<td width=\"13%\">\n<p>Contacto Telef\u00f3nico<\/p>\n<\/td>\n<\/tr>\n<tr>\n<td rowspan=\"6\" width=\"12%\">\n<p><span style=\"text-decoration: underline;\">Servi\u00e7os<\/span><\/p>\n<\/td>\n<td rowspan=\"6\" width=\"19%\">\n<p>\u00b7 Execu\u00e7\u00e3o do contrato (presta\u00e7\u00e3o de<br \/>\n                                    servi\u00e7os) do qual o<br \/>\n                                    titular dos dados pessoais (cliente) \u00e9 titular.<\/p>\n<p>\u00b7 Registo de cliente<\/p>\n<p>\u00b7 Cumprimento de uma obriga\u00e7\u00e3o jur\u00eddica a que o<br \/>\n                                    respons\u00e1vel pelo<br \/>\n                                    tratamento est\u00e1 obrigado.<\/p>\n<p>\u00b7 Processamento do pagamento dos servi\u00e7os adquiridos pelo cliente<\/p>\n<\/td>\n<td width=\"13%\">\n<p>Nome<\/p>\n<\/td>\n<td rowspan=\"5\" width=\"14%\">\n<p>Artigo 6.\u00ba, n.\u00ba 1, al\u00ednea b) do RGPD<\/p>\n<\/td>\n<td rowspan=\"5\" width=\"15%\">\n<p><strong>3 anos<\/strong><\/p>\n<\/td>\n<td rowspan=\"5\" width=\"25%\">\n<p>Prazo para efeitos de declara\u00e7\u00e3o, exerc\u00edcio ou defesa de um<br \/>\n                                    direito num processo<br \/>\n                                    judicial, entre outros, nos termos dos artigos 303.\u00ba e 317.\u00ba do<br \/>\n                                    C\u00f3digo Civil<br \/>\n                                    Portugu\u00eas<\/p>\n<\/td>\n<\/tr>\n<tr>\n<td width=\"13%\">\n<p>Morada<\/p>\n<\/td>\n<\/tr>\n<tr>\n<td width=\"13%\">\n<p>Contacto telef\u00f3nico<\/p>\n<\/td>\n<\/tr>\n<tr>\n<td width=\"13%\">\n<p>Endere\u00e7o Eletr\u00f3nico<\/p>\n<\/td>\n<\/tr>\n<tr>\n<td width=\"13%\">\n<p>Dados Banc\u00e1rios<\/p>\n<\/td>\n<\/tr>\n<tr>\n<td width=\"13%\">\n<p>N.\u00ba de Identifica\u00e7\u00e3o Fisclal<\/p>\n<\/td>\n<td width=\"14%\">\n<p>Artigo 6.\u00ba, n.\u00ba 1, al\u00ednea c) do RGPD<\/p>\n<\/td>\n<td width=\"15%\">\n<p><strong>10 anos<\/strong><\/p>\n<\/td>\n<td width=\"25%\">\n<p>Prazo previsto nos termos do art. 123.\u00ba do C\u00f3digo do IRC, e no art.<br \/>\n                                    52.\u00ba do<br \/>\n                                    C\u00f3digo do IVA<\/p>\n<\/td>\n<\/tr>\n<tr>\n<td width=\"12%\">\n<p><span style=\"text-decoration: underline;\">Plataformas de acesso aos<br \/>\n                                        Servi\u00e7os<\/span><\/p>\n<\/td>\n<td width=\"19%\">\n<p>\u00b7 Cria\u00e7\u00e3o de um perfil de Utilizador\/Login na plataforma de<br \/>\n                                    Chat.<\/p>\n<p>\u00b7 Disponibiliza\u00e7\u00e3o dos servi\u00e7os webinar.<\/p>\n<p>\u00b7 Realiza\u00e7\u00e3o de sess\u00f5es de acompanhamento online<br \/>\n                                    inclu\u00eddas nos<br \/>\n                                    Servi\u00e7os relativos aos Cursos.<\/p>\n<\/td>\n<td width=\"13%\">\n<p>Nome \/ Nome de Utilizador<\/p>\n<p>Endere\u00e7o Electr\u00f3nico<\/p>\n<\/td>\n<td width=\"14%\">\n<p>Artigo 6.\u00ba, n.\u00ba 1, al\u00ednea b) do RGPD<\/p>\n<\/td>\n<td width=\"15%\">\n<p><strong>6 meses (ap\u00f3s a sessa\u00e7\u00e3o do contrato)<\/strong><\/p>\n<\/td>\n<td width=\"25%\">\n<p>Nenhum outro fundamento de ilicitude existe para o tratamento de dados pessoais<br \/>\n                                    ulterior \u00e0<br \/>\n                                    cessa\u00e7\u00e3o do contrato com o Cliente.<\/p>\n<\/td>\n<\/tr>\n<tr>\n<td rowspan=\"2\" width=\"12%\">\n<p><span style=\"text-decoration: underline;\">Controlo de Seguran\u00e7a<\/span><\/p>\n<\/td>\n<td rowspan=\"2\" width=\"19%\">\n<p>\u00b7 Gest\u00e3o de acessos e logins.<\/p>\n<p>\u00b7 Gest\u00e3o de incidentes de seguran\u00e7a.<\/p>\n<\/td>\n<td width=\"13%\">\n<p>Contacto Telef\u00f3nico<\/p>\n<\/td>\n<td rowspan=\"2\" width=\"14%\">\n<p>Artigo 6.\u00ba, n.\u00ba 1, al\u00ednea b) do RGPD<\/p>\n<\/td>\n<td rowspan=\"2\" width=\"15%\">\n<p><strong>1 ano<\/strong><\/p>\n<\/td>\n<td rowspan=\"2\" width=\"25%\">\n<p>O prazo de um ano tem em considera\u00e7\u00e3o a exist\u00eancia de diferentes prazos<br \/>\n                                    dos<br \/>\n                                    servi\u00e7os da AIR Trading &#8211; Forma\u00e7\u00e3o Lda (no caso dos cursos, com a<br \/>\n                                    dura\u00e7\u00e3o de 3, 6 ou 12 meses; e no caso do servi\u00e7o de mentoria, com renova\u00e7\u00e3o<br \/>\n                                    autom\u00e1tica<br \/>\n                                    de acordo com a dura\u00e7\u00e3o contratada),<br \/>\n                                    para os quais \u00e9 necess\u00e1rio asegurar a continuidade de acesso \u00e0<br \/>\n                                    plataforma.<\/p>\n<\/td>\n<\/tr>\n<tr>\n<td width=\"13%\">\n<p>Endere\u00e7o Electr\u00f3nico<\/p>\n<\/td>\n<\/tr>\n<tr>\n<td rowspan=\"2\" width=\"12%\">\n<p><span style=\"text-decoration: underline;\">Newsletters e Campanhas Promocionais<\/span>\n                                <\/p>\n<\/td>\n<td rowspan=\"2\" width=\"19%\">\n<p>\u00b7 Envio de campanhas promocionais e de novas actualiza\u00e7\u00f5es<br \/>\n                                    relativamente aos<br \/>\n                                    servi\u00e7os prestados pela AIR Harami &#8211; Forma\u00e7\u00e3o Lda<\/p>\n<\/td>\n<td width=\"13%\">\n<p>Nome<\/p>\n<\/td>\n<td rowspan=\"2\" width=\"14%\">\n<p>Artigo 6.\u00ba, n.\u00ba 1, al\u00ednea a) do RGPD<\/p>\n<\/td>\n<td rowspan=\"2\" width=\"15%\">\n<p><strong>1 ano<\/strong><\/p>\n<\/td>\n<td rowspan=\"2\" width=\"25%\">\n<p>Consentimento prestado pelo titular dos dados pessoais nos termos do art. 6.\u00ba,<br \/>\n                                    n.\u00ba 1,<br \/>\n                                    al\u00ednea c) do RGPD<\/p>\n<\/td>\n<\/tr>\n<tr>\n<td width=\"13%\">\n<p>Endere\u00e7o electr\u00f3nico<\/p>\n<\/td>\n<\/tr>\n<tr>\n<td width=\"12%\">\n<p><span style=\"text-decoration: underline;\">Legal \/ Jur\u00eddico<\/span><\/p>\n<\/td>\n<td width=\"19%\">\n<p>\u00b7 Cumprimento de uma obriga\u00e7\u00e3o jur\u00eddica a que a AIR<br \/>\n                                    Harami &#8211;<br \/>\n                                    Forma\u00e7\u00e3o Lda est\u00e1 sujeita<\/p>\n<\/td>\n<td width=\"13%\">\n<p>Nome<\/p>\n<\/td>\n<td width=\"14%\">\n<p>Artigo 6.\u00ba, n.\u00ba 1, al\u00ednea c) do RGPD<\/p>\n<\/td>\n<td width=\"15%\">\n<p><strong>10 anos<\/strong><\/p>\n<\/td>\n<td width=\"25%\">\n<p>Prazo previsto nos termos do art. 123.\u00ba do C\u00f3digo do IRC, e no art.<br \/>\n                                    52.\u00ba do<br \/>\n                                    C\u00f3digo do IVA<\/p>\n<\/td>\n<\/tr>\n<\/tbody>\n<\/table>\n<p>\u00a0<\/p>\n<p>Decorrido o respetivo per\u00edodo de conserva\u00e7\u00e3o, a AIR Harami &#8211;<br \/>\n                    Forma\u00e7\u00e3o Lda<br \/>\n                    eliminar\u00e1 ou anonimizar\u00e1 os dados sempre que os mesmos n\u00e3o devam ser<br \/>\n                    conservados para<br \/>\n                    finalidade distinta que possa subsistir, nos termos contantes da sua Pol\u00edtica de<br \/>\n                    Conserva\u00e7\u00e3o de<br \/>\n                    Dados Pessoais, a qual poder\u00e1 ser consultada na \u00edntegra atrav\u00e9s do seguinte<br \/>\n                    link de acesso: <a href=\"\/es\/politica-de-conservacion-e-datos-personales\/\">aqui<\/a>.<\/p>\n<h1>10. Encargado del tratamiento de datos<\/h1>\n<p>Nuestros servicios son suministrados por una red de infraestructuras y tecnolog\u00edas de la<br \/>\n                    informaci\u00f3n diversificadas, que incluye, entre otros, proveedores de servicios externos, en<br \/>\n                    los t\u00e9rminos definidos en el siguiente cuadro:<\/p>\n<p>Cuadro 5 \u2013 Encargados del tratamiento<\/p>\n<table class=\"table table-condensed table-bordered table-hover\">\n<tbody>\n<tr>\n<td>\n<p><strong>Secci\u00f3n<\/strong><\/p>\n<\/td>\n<td>\n<p><strong>Finalidad<\/strong><\/p>\n<\/td>\n<td>\n<p><strong>Datos Personales<\/strong><\/p>\n<\/td>\n<td>\n<p><strong>Encargado del tratamiento<\/strong><\/p>\n<\/td>\n<td>\n<p><strong>Acuerdo sobre la Protecci\u00f3n de Datos <\/strong><\/p>\n<\/td>\n<\/tr>\n<tr style=\"height: 101.05pt;\">\n<td>\n<p><u>Contacto <em>Whatsapp Messager<\/em><\/u><\/p>\n<\/td>\n<td>\n<p>Realizaci\u00f3n de gestiones precontractuales (en particular: prestaci\u00f3n de<br \/>\n                                    informaciones e aclaraciones relativas a los servicios da Air Harami &#8211;<br \/>\n                                    Forma\u00e7\u00e3o Lda)<\/p>\n<\/td>\n<td>\n<p>&#8211; Nombre \/ Nombre de Usuario<\/p>\n<p>\u00a0<\/p>\n<p>&#8211; Contacto Telef\u00f3nico<\/p>\n<\/td>\n<td>\n<p><em>Whatsapp Messager<\/em><\/p>\n<\/td>\n<td>\n<p>https:\/\/www.whatsapp.com\/legal\/business-data-processing-terms<\/p>\n<\/td>\n<\/tr>\n<tr style=\"height: 22.95pt;\">\n<td rowspan=\"3\">\n<p><u>Servicios<\/u><\/p>\n<\/td>\n<td rowspan=\"3\">\n<ul>\n<li>Procesamiento del pago de los servicios adquiridos por el cliente<\/li>\n<\/ul>\n<\/td>\n<td rowspan=\"3\">\n<p>&#8211; Nombre<\/p>\n<p>\u00a0<\/p>\n<p>&#8211; Correo electr\u00f3nico<\/p>\n<p>\u00a0<\/p>\n<p>&#8211; Datos<\/p>\n<p>Bancarios<\/p>\n<\/td>\n<td>\n<p>Paypal<\/p>\n<\/td>\n<td>\n<p>https:\/\/www.paypal.com\/pt\/webapps\/mpp\/ua\/pocpsa-full?locale.x=pt_PT<\/p>\n<\/td>\n<\/tr>\n<tr style=\"height: 28.9pt;\">\n<td>\n<p>Stripe INC<\/p>\n<\/td>\n<td>\n<p>https:\/\/stripe.com\/en-pt\/legal<\/p>\n<\/td>\n<\/tr>\n<tr style=\"height: 28.85pt;\">\n<td>\n<p>Thinkific Inc.<\/p>\n<\/td>\n<td>\n<p>https:\/\/www.thinkific.com\/dpa\/<\/p>\n<\/td>\n<\/tr>\n<tr style=\"height: 82.9pt;\">\n<td rowspan=\"2\">\n<p><u>Plataformas de acceso a los Servicios<\/u><\/p>\n<\/td>\n<td rowspan=\"2\">\n<ul>\n<li>Creaci\u00f3n de un perfil de Usuario\/<em>Login<\/em> en la plataforma de Chat.\n                                    <\/li>\n<li>Puesta a disposici\u00f3n de los servicios <em>webinar.<\/em><\/li>\n<li>Realizaci\u00f3n de sesiones de seguimiento<em> online<\/em> incluidas nos<br \/>\n                                        Servicios relativos a los Cursos.<\/li>\n<\/ul>\n<\/td>\n<td>\n<p>Nombre \/ Nombre de Usuario<\/p>\n<\/td>\n<td>\n<p>LogMeInIreland Limited<\/p>\n<\/td>\n<td>\n<p>https:\/\/slack.com\/intl\/en-fr\/terms-of-service\/data-processing<\/p>\n<\/td>\n<\/tr>\n<tr style=\"height: 51.25pt;\">\n<td>\n<p>Correo Electr\u00f3nico<\/p>\n<\/td>\n<td>\n<p>Slack Technologies Limited<\/p>\n<\/td>\n<td>\n<p>https:\/\/slack.com\/intl\/en-fr\/terms-of-service\/data-processing<\/p>\n<\/td>\n<\/tr>\n<tr style=\"height: 78.6pt;\">\n<td>\n<p><em><u>Newsletters<\/u><\/em><u> y Campa\u00f1as Promocionales<\/u><\/p>\n<\/td>\n<td>\n<p>Env\u00edo de campa\u00f1as promocionales y de nuevas actualizaciones<br \/>\n                                    relativamente a los servicios prestados por AIR Harami &#8211; Forma\u00e7\u00e3o Lda\n                                <\/p>\n<\/td>\n<td>\n<p>&#8211; Nombre<\/p>\n<p>\u00a0<\/p>\n<p>&#8211; Correo electr\u00f3nico<\/p>\n<\/td>\n<td>\n<p>Mailchimp<\/p>\n<\/td>\n<td>\n<p>https:\/\/mailchimp.com\/legal\/data-processing-addendum\/<\/p>\n<\/td>\n<\/tr>\n<\/tbody>\n<\/table>\n<h1>11. Intercambio de datospersonales con terceros<\/h1>\n<p>AIR Harami &#8211; Forma\u00e7\u00e3o Lda no comparte datos personales con ninguna entidad tercera.<\/p>\n<p><h1>12. Transferencias Internacionales<\/h1>\n<p>En circunstancias espec\u00edficas, y en funci\u00f3n de los servicios proporcionados por los<br \/>\n                    encargados del tratamiento enumerados en el punto 10, podr\u00e1 ser necesaria la transferencia de<br \/>\n                    datos personales a pa\u00edses fuera de la Uni\u00f3n Europea (UE) \/Espacio Econ\u00f3mico<br \/>\n                    Europeo (EEE). Dichas transferencias solo se refieren a las actividades de tratamiento y<br \/>\n                    categor\u00edas de datos personales definidas en el punto 10. La transferencia de datos personales<br \/>\n                    a pa\u00edses fuera de la UE\/EEE no interfiere con la aplicaci\u00f3n de la presente<br \/>\n                    Pol\u00edtica de Protecci\u00f3n de Datos Personales.<\/p>\n<p>Considerando que los encargados del tratamiento enumerados en el punto anterior tienen su sede<br \/>\n                    principal en los Estados Unidos de Am\u00e9rica, las transferencias de datos personales que tengan<br \/>\n                    lugar, se llevar\u00e1n a cabo en virtud de las cl\u00e1usulas contractuales est\u00e1ndar<br \/>\n                    adoptadas por la Comisi\u00f3n Europea y que se incluyen en los acuerdos sobre protecci\u00f3n<br \/>\n                    de datos firmados con los encargados del tratamiento.<\/p>\n<p>\u00a0<\/p>\n<h1>13. Medidas de seguridad<\/h1>\n<p>AIR Harami &#8211; Forma\u00e7\u00e3o Lda ha implementado medidas t\u00e9cnicas y organizativas que<br \/>\n                    permiten garantizar un nivel de seguridad adecuado, necesario y suficiente para proteger los datos<br \/>\n                    personales de clientes y usuarios. Tales medidas pretenden, entre otras finalidades, impedir que los<br \/>\n                    datos personales sean destruidos, alterados, difundidos, o que haya acceso il\u00edcito a los<br \/>\n                    mismos, aunque sea de forma accidental. En este sentido, AIR Harami &#8211; Forma\u00e7\u00e3o Lda y<br \/>\n                    los encargados del tratamiento de datos aplican las siguientes medidas de seguridad:<\/p>\n<ul>\n<li>Medidas de seguridad inform\u00e1tica, como el uso de <em>firewalls<\/em> y sistemas de<br \/>\n                        detecci\u00f3n de intrusi\u00f3n en sus sistemas;<\/li>\n<li>Reglas y niveles de acceso a los datos personales de sus clientes y usuarios por parte de los<br \/>\n                        empleados o colaboradores de AIR Harami &#8211; Forma\u00e7\u00e3o Lda;<\/li>\n<li>Medios de protecci\u00f3n de los datos desde la concepci\u00f3n (\u00ab<em>privacy by<br \/>\n                            design<\/em>\u00ab) utilizando medios t\u00e9cnicos como la encriptaci\u00f3n y<br \/>\n                        pseudonimizaci\u00f3n de los datos personales e incluso un conjunto de medidas preventivas<br \/>\n                        favorables a la privacidad (\u00ab<em>privacy by default<\/em>\u00ab);<\/li>\n<li>Mecanismos de escrutinio, auditor\u00eda y control para garantizar el cumplimiento de las<br \/>\n                        pol\u00edticas de seguridad, privacidad y protecci\u00f3n de datos;<\/li>\n<li>Reglas de Acceso para los clientes o usuarios a determinados servicios, como por ejemplo, la<br \/>\n                        introducci\u00f3n de una contrase\u00f1a, con vistas a reforzar los mecanismos de control y<br \/>\n                        seguridad.<\/li>\n<\/ul>\n<p>En los t\u00e9rminos definidos en los puntos 11 y 12 de la presente Pol\u00edtica de<br \/>\n                    protecci\u00f3n de Datos, y sin perjuicio de las medidas de seguridad antes mencionadas, los<br \/>\n                    acuerdos sobre protecci\u00f3n de datos firmados con los encargados del tratamiento all\u00ed<br \/>\n                    indicados, incluyen, entre otras, las siguientes medidas:<\/p>\n<ul>\n<li>Almacenamiento encriptado;<\/li>\n<li>Control de Acceso;<\/li>\n<li>PCI DSS (PCI <em>Data Security Standard<\/em>);<\/li>\n<li>3D Secure;<\/li>\n<li>Conformidad con la ISO\/IEC 27018:2014;<\/li>\n<li>Conformidad con la ISO\/IEC 27001:2013;<\/li>\n<li>Conformidad con la ISO\/IEC 27017:2015;<\/li>\n<li>Certificaci\u00f3n SOC 2;<\/li>\n<li>Certificaci\u00f3n SOC 3.<\/li>\n<\/ul>\n<p>\u00a0<\/p>\n<h1>14. Pol\u00edtica de Cookies<\/h1>\n<p>La p\u00e1gina de internet de AIR Harami &#8211; Forma\u00e7\u00e3o Lda podr\u00e1 incluir el uso<br \/>\n                    de cookies, entendi\u00e9ndose estas como peque\u00f1as etiquetas de <em>software<\/em> que se<br \/>\n                    almacenan en los equipos de acceso a trav\u00e9s del navegador (<em>browser<\/em>).<\/p>\n<p>Las cookies se clasifican por la finalidad a la que se destinan, por el dominio o propiedad al que<br \/>\n                    pertenecen y por su ciclo de vida (duraci\u00f3n).<\/p>\n<p>En cuanto a la <strong><u>finalidad<\/u><\/strong> a la que se destinan, las cookies pueden<br \/>\n                    clasificarse como:<\/p>\n<ul>\n<li><strong>Necesarias<\/strong> \u2013 cookies que se encuentran generalmente activas durante la<br \/>\n                        sesi\u00f3n del usuario, permitiendo identificarlo, y que son esenciales tanto para el<br \/>\n                        funcionamiento de los servicios disponibles en la p\u00e1gina de internet, como para la<br \/>\n                        ejecuci\u00f3n de determinadas funcionalidades, no es posible que el usuario rechace o<br \/>\n                        desactive estas cookies;<\/li>\n<li><strong>De <em>performance<\/em> <\/strong>\u2013 cookies que se encuentran activas durante la<br \/>\n                        sesi\u00f3n del usuario, o que se encuentran activas de forma persistente, y que tienen como<br \/>\n                        finalidad mejorar el rendimiento de la p\u00e1gina de internet, a trav\u00e9s del<br \/>\n                        an\u00e1lisis de su utilizaci\u00f3n;<\/li>\n<li><strong>Funcionales <\/strong>\u2013 cookies que se encuentran activas durante la sesi\u00f3n<br \/>\n                        del usuario, o que se encuentran activas de forma persistente, con el fin de permitir al usuario<br \/>\n                        una navegaci\u00f3n m\u00e1s eficiente e individualizada a trav\u00e9s del registro de las<br \/>\n                        preferencias del usuario en relaci\u00f3n con el uso de la p\u00e1gina de internet; y<\/li>\n<li><strong>De publicidad<\/strong> \u2013 cookies que se encuentran activas de forma persistente, y<br \/>\n                        que tienen por finalidad direccionar los anuncios en funci\u00f3n de los intereses de cada<br \/>\n                        usuario, y adem\u00e1s, limitan la cantidad de veces que el usuario visualiza los anuncios,<br \/>\n                        ayudando a medir la eficacia de la publicidad y el \u00e9xito de la organizaci\u00f3n de la<br \/>\n                        p\u00e1gina de internet.<\/li>\n<\/ul>\n<p>En relaci\u00f3n al <strong><u>dominio<\/u><\/strong> al que pertenecen, las cookies pueden ser:<\/p>\n<ul>\n<li><strong>Cookies propias (<em>First party cookies<\/em>)<\/strong> \u2013 cookies que son enviadas<br \/>\n                        al equipo terminal del usuario a partir de un equipo o dominio gestionado por el propio editor y<br \/>\n                        a partir del cual se presta el servicio solicitado por el usuario.<\/li>\n<li><strong>Cookies de terceros (<em>Third party cookies<\/em><\/strong>) \u2013 cookies que son<br \/>\n                        enviadas al equipo terminal del usuario desde un equipo o dominio que no es gestionado por el<br \/>\n                        editor, sino por otra entidad que trata los datos recogidos a trav\u00e9s de las cookies.<\/li>\n<\/ul>\n<p>Relativamente al <strong><u>ciclo de vida (duraci\u00f3n),<\/u><\/strong> las cookies pueden ser:<\/p>\n<ul>\n<li><strong>Cookies persistentes<\/strong> \u2013 cookies que se registran en el equipo terminal del<br \/>\n                        usuario durante un periodo determinado.<\/li>\n<li><strong>Cookies de sesi\u00f3n<\/strong> \u2013 cookies temporales y que despu\u00e9s del<br \/>\n                        cierre del navegador del usuario se borran de su dispositivo de acceso a internet o equipo<br \/>\n                        terminal.<\/li>\n<\/ul>\n<p>AIR Harami &#8211; Forma\u00e7\u00e3o Lda utiliza las siguientes cookies en su p\u00e1gina de<br \/>\n                    internet:<\/p>\n<table class=\"table table-condensed table-bordered table-hover\">\n<tbody>\n<tr>\n<td style=\"width: 19.76%;\">\n<p><strong>Cookies ID<\/strong><\/p>\n<\/td>\n<td style=\"width: 11.42%;\">\n<p><strong>Dominio<\/strong><\/p>\n<\/td>\n<td style=\"width: 11.2%;\">\n<p><strong>Duraci\u00f3n<\/strong><\/p>\n<\/td>\n<td style=\"width: 13.34%;\">\n<p><strong>Finalidad<\/strong><\/p>\n<\/td>\n<td style=\"width: 44.26%;\" valign=\"top\">\n<p><strong>Descripci\u00f3n<\/strong><\/p>\n<\/td>\n<\/tr>\n<tr>\n<td style=\"width: 19.76%;\">\n<p>PHPSESSID<\/p>\n<\/td>\n<td style=\"width: 11.42%;\">\n<p>Propio<\/p>\n<\/td>\n<td style=\"width: 11.2%;\">\n<p>Sesi\u00f3n<\/p>\n<\/td>\n<td style=\"width: 13.34%;\">\n<p>Necesaria<\/p>\n<\/td>\n<td style=\"width: 44.26%;\" valign=\"top\">\n<p>Esta cookie es nativa de PHP. La cookie se utiliza para identificar el ID de<br \/>\n                                    sesi\u00f3n de un usuario y para guardar la sesi\u00f3n del usuario,<br \/>\n                                    concretamente el idioma seleccionado.<\/p>\n<\/td>\n<\/tr>\n<tr>\n<td style=\"width: 19.76%;\">\n<p>_icl_current_language<\/p>\n<\/td>\n<td style=\"width: 11.42%;\">\n<p>Propio<\/p>\n<\/td>\n<td style=\"width: 11.2%;\">\n<p>24 horas<\/p>\n<\/td>\n<td style=\"width: 13.34%;\">\n<p>Funcionales<\/p>\n<\/td>\n<td style=\"width: 44.26%;\" valign=\"top\">\n<p>Esta cookie se define por <em>el plugin<\/em> WPML <em>WordPress<\/em> y se utiliza con<br \/>\n                                    el prop\u00f3sito de almacenar el idioma actual del navegador del usuario<\/p>\n<\/td>\n<\/tr>\n<tr>\n<td style=\"width: 19.76%;\">\n<p>wpml_referer_url<\/p>\n<\/td>\n<td style=\"width: 11.42%;\">\n<p>Propio<\/p>\n<\/td>\n<td style=\"width: 11.2%;\">\n<p>24 horas<\/p>\n<\/td>\n<td style=\"width: 13.34%;\">\n<p>Funcionales<\/p>\n<\/td>\n<td style=\"width: 44.26%;\" valign=\"top\">\n<p>Esta cookie se define por el <em>plugin<\/em> WPML <em>WordPress<\/em> y se utiliza<br \/>\n                                    para almacenar la \u00faltima URL solicitada en el <em>front-end<\/em>.<\/p>\n<\/td>\n<\/tr>\n<\/tbody>\n<\/table>\n<p>\u00a0<\/p>\n<p>La Pol\u00edtica de Cookies de AIR Harami &#8211; Forma\u00e7\u00e3o Lda se podr\u00e1<br \/>\n                    \u00a0consultar \u00edntegramente a trav\u00e9s del siguiente <em>link <\/em>de<br \/>\n                    acceso: <a href=\"\/es\/politica-de-cookies\/\">aqu\u00ed<\/a><\/p>\n<h1>15. Derechos de los Titulares de los Datos Personales<\/h1>\n<p>De conformidad con los art\u00edculos 12 al 22 del RGPD, y sin perjuicio de las dem\u00e1s normas<br \/>\n                    aplicables, los titulares de datos personales gozar\u00e1n de los siguientes derechos:<\/p>\n<p><strong>Derecho de informaci\u00f3n<\/strong> \u2013 Derecho a recibir, entre otras, informaciones<br \/>\n                    acerca de la identidad del responsable por el tratamiento de los datos personales; de las<br \/>\n                    finalidades y fundamentos del tratamiento de los datos personales; de los t\u00e9rminos y plazos<br \/>\n                    de conservaci\u00f3n de los datos personales; de los derechos de que gozan los titulares de los<br \/>\n                    datos personales y la forma concreta de ejercerlos; y de la existencia de decisiones automatizadas.\n                <\/p>\n<p><strong>Derecho de Acceso<\/strong> \u2013 Derecho a obtener la confirmaci\u00f3n, por parte de AIR<br \/>\n                    Harami &#8211; Forma\u00e7\u00e3o Lda, de la ocurrencia del tratamiento de datos personales,<br \/>\n                    incluyendo, entre otros elementos, sus finalidades, las categor\u00edas de datos personales<br \/>\n                    cubiertas por el tratamiento, los plazos de conservaci\u00f3n y sus criterios, as\u00ed como la<br \/>\n                    existencia de decisiones automatizadas. El derecho de acceso incluye tambi\u00e9n el derecho de<br \/>\n                    acceder directamente a dichos datos personales.<\/p>\n<p><strong>Derecho de Rectificaci\u00f3n<\/strong> \u2013 Derecho a solicitar la rectificaci\u00f3n<br \/>\n                    de los datos personales que se encuentren incorrectos y de solicitar que los datos personales<br \/>\n                    incompletos se completen.<\/p>\n<p><strong>Derecho al Borrado de los datos o \u00abderecho a ser olvidado<\/strong>\u00bb \u2013 Derecho a obtener<br \/>\n                    el borrado de los datos personales, siempre que no se compruebe la existencia de otros motivos<br \/>\n                    v\u00e1lidos que justifiquen, de acuerdo con la Ley, la conservaci\u00f3n de estos datos, y<br \/>\n                    siempre que:<\/p>\n<ol style=\"list-style-type: lower-alpha;\">\n<li>los datos personales ya no sean necesarios para los fines para los que fueron recogidos o<br \/>\n                        procesados de otro modo;<\/li>\n<li>el tratamiento de datos personales se base en el consentimiento de su titular y \u00e9ste lo<br \/>\n                        retire sin que exista ning\u00fan otro fundamento jur\u00eddico para el tratamiento;<\/li>\n<li>el titular de los datos personales ejerza su derecho de oposici\u00f3n al tratamiento<br \/>\n                        adicional de sus datos personales y ning\u00fan otro fundamento jur\u00eddico justifique la<br \/>\n                        continuidad del tratamiento de datos personales;\u00a0<\/li>\n<li>los datos personales hayan sido procesados ilegalmente.<\/li>\n<\/ol>\n<p><strong>Derecho a la limitaci\u00f3n de tratamiento <\/strong>\u2013\u00a0 Derecho a solicitar a<br \/>\n                    AIR Harami &#8211; Forma\u00e7\u00e3o Lda que restrinja el tratamiento de los datos personales o que<br \/>\n                    suspenda las actividades de tratamiento, cuando se d\u00e9 alguna de las siguientes situaciones:\n                <\/p>\n<ol style=\"list-style-type: lower-alpha;\">\n<li>La precisi\u00f3n y exactitud de los datos personales sean impugnadas por el titular,<br \/>\n                        requiri\u00e9ndose que las actividades de tratamiento de datos sean suspendidas por el periodo<br \/>\n                        necesario para que AIR Harami &#8211; Forma\u00e7\u00e3o Lda confirme la exactitud de tales datos;\n                    <\/li>\n<li>El tratamiento de datos personales sea ilegal y su titular solicite la restricci\u00f3n del<br \/>\n                        tratamiento de datos en lugar de requerir su borrado.<\/li>\n<\/ol>\n<p><strong>Derecho a la Portabilidad<\/strong> \u2013 Derecho a recibir los datos que el titular de los<br \/>\n                    datos personales haya suministrado a AIR Harami &#8211; Forma\u00e7\u00e3o Lda, en formato digital de<br \/>\n                    uso corriente y de lectura autom\u00e1tica, y tambi\u00e9n el derecho de solicitar la<br \/>\n                    transmisi\u00f3n directa de sus datos a cualquier otro responsable por el tratamiento de datos.\n                <\/p>\n<p><strong>Derecho de Oposici\u00f3n<\/strong> \u2013 Derecho que el titular de los datos personales<br \/>\n                    tiene de oponerse, en cualquier momento, por motivos relacionados con su situaci\u00f3n<br \/>\n                    particular, al tratamiento de los datos personales que le conciernan, concretamente cuando sus datos<br \/>\n                    sean tratados a efectos de comercializaci\u00f3n directa.<\/p>\n<p><strong>Derecho a no estar sujeto a decisiones individuales automatizadas<\/strong> \u2013 Derecho<br \/>\n                    pasivo del titular de los datos personales de no estar sujeto a ninguna decisi\u00f3n adoptada<br \/>\n                    exclusivamente sobre la base del tratamiento automatizado de sus datos personales, incluida la<br \/>\n                    elaboraci\u00f3n de perfiles, que produzca efectos en su esfera jur\u00eddica o que le afecte<br \/>\n                    significativamente de forma similar.<\/p>\n<p>De acuerdo con el RGPD, el titular de los datos personales puede ejercer en todo momento sus derechos<br \/>\n                    de informaci\u00f3n, autorizaci\u00f3n, rectificaci\u00f3n, borrado, limitaci\u00f3n,<br \/>\n                    portabilidad y oposici\u00f3n, mediante solicitud escrita dirigida a AIR Harami &#8211;<br \/>\n                    Forma\u00e7\u00e3o Lda, a trav\u00e9s del correo electr\u00f3nico: <a\n                        name=\"_Hlk31637016\"><\/a><a href=\"mailto:info@airtradingroup.com\">info@airtradingroup.com<\/a>.\n                <\/p>\n<p>\u00a0<\/p>\n<h1>16. Autoridad de Control<\/h1>\n<p>En los t\u00e9rminos legales, el titular de los datos tiene el derecho de presentar una<br \/>\n                    reclamaci\u00f3n en materia de protecci\u00f3n de datos personales a la autoridad de control<br \/>\n                    competente, la <em>Comiss\u00e3o Nacional de Protec\u00e7\u00e3o de Datos<\/em> (CNPD).<\/p>\n<p>Comiss\u00e3o Nacional de Protec\u00e7\u00e3o de Datos (CNPD)<\/p>\n<p>Av. D. Carlos I, 134 &#8211; 1.\u00ba<\/p>\n<p>1200-651 Lisboa<\/p>\n<p>Tel.: +351 213928400 &#8211; Fax: +351 213976832<\/p>\n<p>E-mail: <a href=\"mailto:geral@cnpd.pt\">geral@cnpd.pt<\/a><\/p>\n<p>Website: <a href=\"http:\/\/www.cnpd.pt\" aria-invalid=\"true\">www.cnpd.pt<\/a><\/p>\n<h1>17. Alteraciones a la Pol\u00edtica de protecci\u00f3n de Datos Personales<\/h1>\n<p>AIR Harami &#8211; Forma\u00e7\u00e3o Lda se reserva el derecho de actualizar su pol\u00edtica de<br \/>\n                    protecci\u00f3n de datos. Siempre que esto suceda, la actualizaci\u00f3n o modificaci\u00f3n a<br \/>\n                    la presente Pol\u00edtica ser\u00e1 publicitada en esta p\u00e1gina.<\/p>\n<p>\u00a0<\/p>\n<p>\u00a0<\/p>\n<\/p><\/div>\n<p>            <!-- End Content --><\/p>\n<p>            <!-- Sidebar --><\/p>\n<div class=\"col-sm-4 col-md-3 sidebar col-md-offset-1\">\n                \u00a0\n            <\/div>\n<p>            <!-- End Sidebar -->\n        <\/div>\n<\/p><\/div>\n<\/section>\n","protected":false},"excerpt":{"rendered":"<p>Pol\u00edtica de Protec\u00e7\u00e3o de Dados Pessoais \u00a0 1. Pol\u00edtica de Protecci\u00f3n de Datos Personales En el \u00e1mbito de su actividad, AIR Harami &#8211; Forma\u00e7\u00e3o Lda trata datos personales con arreglo a los principios de licitud, lealtad y transparencia, limitaci\u00f3n de la finalidad, minimizaci\u00f3n, exactitud y limitaci\u00f3n de los datos, garantizando el respeto de su integridad<\/p>\n","protected":false},"author":1,"featured_media":0,"parent":0,"menu_order":0,"comment_status":"closed","ping_status":"closed","template":"","meta":[],"_links":{"self":[{"href":"https:\/\/www.airtradingroup.com\/es\/wp-json\/wp\/v2\/pages\/6935"}],"collection":[{"href":"https:\/\/www.airtradingroup.com\/es\/wp-json\/wp\/v2\/pages"}],"about":[{"href":"https:\/\/www.airtradingroup.com\/es\/wp-json\/wp\/v2\/types\/page"}],"author":[{"embeddable":true,"href":"https:\/\/www.airtradingroup.com\/es\/wp-json\/wp\/v2\/users\/1"}],"replies":[{"embeddable":true,"href":"https:\/\/www.airtradingroup.com\/es\/wp-json\/wp\/v2\/comments?post=6935"}],"version-history":[{"count":3,"href":"https:\/\/www.airtradingroup.com\/es\/wp-json\/wp\/v2\/pages\/6935\/revisions"}],"predecessor-version":[{"id":7085,"href":"https:\/\/www.airtradingroup.com\/es\/wp-json\/wp\/v2\/pages\/6935\/revisions\/7085"}],"wp:attachment":[{"href":"https:\/\/www.airtradingroup.com\/es\/wp-json\/wp\/v2\/media?parent=6935"}],"curies":[{"name":"wp","href":"https:\/\/api.w.org\/{rel}","templated":true}]}}